{"id":724,"date":"2024-03-04T16:47:09","date_gmt":"2024-03-04T16:47:09","guid":{"rendered":"https:\/\/samso.eco\/qui-som\/"},"modified":"2026-03-16T10:42:26","modified_gmt":"2026-03-16T10:42:26","slug":"qui-som","status":"publish","type":"page","link":"https:\/\/samso.eco\/ca\/qui-som\/","title":{"rendered":"EQUIP"},"content":{"rendered":"\t\t<div data-elementor-type=\"wp-page\" data-elementor-id=\"724\" class=\"elementor elementor-724 elementor-114\" data-elementor-post-type=\"page\">\n\t\t\t\t<div class=\"elementor-element elementor-element-71d16f1 e-flex e-con-boxed e-con e-parent\" data-id=\"71d16f1\" data-element_type=\"container\" data-e-type=\"container\" data-settings=\"{&quot;background_background&quot;:&quot;classic&quot;}\">\n\t\t\t\t\t<div class=\"e-con-inner\">\n\t\t\t\t<div class=\"elementor-element elementor-element-1faef63 elementor-widget elementor-widget-menu-anchor\" data-id=\"1faef63\" data-element_type=\"widget\" data-e-type=\"widget\" data-widget_type=\"menu-anchor.default\">\n\t\t\t\t<div class=\"elementor-widget-container\">\n\t\t\t\t\t\t\t<div class=\"elementor-menu-anchor\" id=\"joan-herrera\"><\/div>\n\t\t\t\t\t\t<\/div>\n\t\t\t\t<\/div>\n\t\t\t\t<div class=\"elementor-element elementor-element-49fa422 elementor-widget elementor-widget-heading\" data-id=\"49fa422\" data-element_type=\"widget\" data-e-type=\"widget\" data-widget_type=\"heading.default\">\n\t\t\t\t<div class=\"elementor-widget-container\">\n\t\t\t\t\t<h2 class=\"elementor-heading-title elementor-size-default\">EQUIP<\/h2>\t\t\t\t<\/div>\n\t\t\t\t<\/div>\n\t\t<div class=\"elementor-element elementor-element-845545b e-con-full e-flex e-con e-child\" data-id=\"845545b\" data-element_type=\"container\" data-e-type=\"container\">\n\t\t<div class=\"elementor-element elementor-element-c3693b6 e-con-full e-flex e-con e-child\" data-id=\"c3693b6\" data-element_type=\"container\" data-e-type=\"container\">\n\t\t\t\t<div class=\"elementor-element elementor-element-76169c6 elementor-widget elementor-widget-image\" data-id=\"76169c6\" data-element_type=\"widget\" data-e-type=\"widget\" data-widget_type=\"image.default\">\n\t\t\t\t<div class=\"elementor-widget-container\">\n\t\t\t\t\t\t\t\t\t\t\t\t\t\t\t<img fetchpriority=\"high\" decoding=\"async\" width=\"800\" height=\"794\" src=\"https:\/\/samso.eco\/wp-content\/uploads\/2025\/04\/Imatge9-09-1024x1016.png\" class=\"attachment-large size-large wp-image-2364\" alt=\"\" srcset=\"https:\/\/samso.eco\/wp-content\/uploads\/2025\/04\/Imatge9-09-1024x1016.png 1024w, https:\/\/samso.eco\/wp-content\/uploads\/2025\/04\/Imatge9-09-300x298.png 300w, https:\/\/samso.eco\/wp-content\/uploads\/2025\/04\/Imatge9-09-150x150.png 150w, https:\/\/samso.eco\/wp-content\/uploads\/2025\/04\/Imatge9-09-768x762.png 768w, https:\/\/samso.eco\/wp-content\/uploads\/2025\/04\/Imatge9-09-1536x1524.png 1536w, https:\/\/samso.eco\/wp-content\/uploads\/2025\/04\/Imatge9-09-2048x2032.png 2048w\" sizes=\"(max-width: 800px) 100vw, 800px\" \/>\t\t\t\t\t\t\t\t\t\t\t\t\t\t\t<\/div>\n\t\t\t\t<\/div>\n\t\t\t\t<\/div>\n\t\t<div class=\"elementor-element elementor-element-cef04cc e-flex e-con-boxed e-con e-child\" data-id=\"cef04cc\" data-element_type=\"container\" data-e-type=\"container\">\n\t\t\t\t\t<div class=\"e-con-inner\">\n\t\t\t\t<div class=\"elementor-element elementor-element-a95cf23 elementor-widget elementor-widget-heading\" data-id=\"a95cf23\" data-element_type=\"widget\" data-e-type=\"widget\" data-widget_type=\"heading.default\">\n\t\t\t\t<div class=\"elementor-widget-container\">\n\t\t\t\t\t<h2 class=\"elementor-heading-title elementor-size-default\">J\u00d8AN HERRERA<\/h2>\t\t\t\t<\/div>\n\t\t\t\t<\/div>\n\t\t\t\t<div class=\"elementor-element elementor-element-fdbca44 elementor-align-start elementor-icon-list--layout-traditional elementor-list-item-link-full_width elementor-widget elementor-widget-icon-list\" data-id=\"fdbca44\" data-element_type=\"widget\" data-e-type=\"widget\" data-widget_type=\"icon-list.default\">\n\t\t\t\t<div class=\"elementor-widget-container\">\n\t\t\t\t\t\t\t<ul class=\"elementor-icon-list-items\">\n\t\t\t\t\t\t\t<li class=\"elementor-icon-list-item\">\n\t\t\t\t\t\t\t\t\t\t\t<a href=\"https:\/\/www.linkedin.com\/in\/joan-herrera-33bb902b\/\" target=\"_blank\">\n\n\t\t\t\t\t\t\t\t\t\t\t\t<span class=\"elementor-icon-list-icon\">\n\t\t\t\t\t\t\t<svg xmlns=\"http:\/\/www.w3.org\/2000\/svg\" xmlns:xlink=\"http:\/\/www.w3.org\/1999\/xlink\" id=\"Capa_1\" x=\"0px\" y=\"0px\" viewBox=\"0 0 50 50\" style=\"enable-background:new 0 0 50 50;\" xml:space=\"preserve\"><style type=\"text\/css\">\t.st0{fill:#A8BCAF;}<\/style><g>\t<path class=\"st0\" d=\"M37.9,44.1H12.1c-3.4,0-6.2-2.8-6.2-6.2V12.1c0-3.4,2.8-6.2,6.2-6.2h25.7c3.4,0,6.2,2.8,6.2,6.2v25.7  C44.1,41.3,41.3,44.1,37.9,44.1z M12.1,8C9.8,8,8,9.8,8,12.1v25.7c0,2.3,1.9,4.2,4.2,4.2h25.7c2.3,0,4.2-1.9,4.2-4.2V12.1  C42,9.8,40.2,8,37.9,8H12.1z\"><\/path>\t<g>\t\t<path class=\"st0\" d=\"M19.8,34.2h-4.4V21h4.4V34.2z M17.6,19.2L17.6,19.2c-1.5,0-2.5-1-2.5-2.3c0-1.3,1-2.3,2.5-2.3s2.4,1,2.5,2.3   C20,18.2,19.1,19.2,17.6,19.2z M35.6,34.2h-4.4v-7.1c0-1.8-0.6-3-2.2-3c-1.2,0-1.9,0.8-2.3,1.6c-0.1,0.3-0.1,0.7-0.1,1.1v7.4h-4.4   c0,0,0.1-12,0-13.2h4.4v1.9c0.6-0.9,1.6-2.2,4-2.2c2.9,0,5.1,1.9,5.1,5.9V34.2z\"><\/path>\t<\/g><\/g><\/svg>\t\t\t\t\t\t<\/span>\n\t\t\t\t\t\t\t\t\t\t<span class=\"elementor-icon-list-text\">C\u00d8NNECTA AMB MI<\/span>\n\t\t\t\t\t\t\t\t\t\t\t<\/a>\n\t\t\t\t\t\t\t\t\t<\/li>\n\t\t\t\t\t\t<\/ul>\n\t\t\t\t\t\t<\/div>\n\t\t\t\t<\/div>\n\t\t\t\t<div class=\"elementor-element elementor-element-539c4ae elementor-widget elementor-widget-menu-anchor\" data-id=\"539c4ae\" data-element_type=\"widget\" data-e-type=\"widget\" data-widget_type=\"menu-anchor.default\">\n\t\t\t\t<div class=\"elementor-widget-container\">\n\t\t\t\t\t\t\t<div class=\"elementor-menu-anchor\" id=\"jorge-andrey\"><\/div>\n\t\t\t\t\t\t<\/div>\n\t\t\t\t<\/div>\n\t\t\t\t<div class=\"elementor-element elementor-element-52bc8e0 elementor-widget elementor-widget-text-editor\" data-id=\"52bc8e0\" data-element_type=\"widget\" data-e-type=\"widget\" data-widget_type=\"text-editor.default\">\n\t\t\t\t<div class=\"elementor-widget-container\">\n\t\t\t\t\t\t\t\t\t<p>En Joan \u00e9s llicenciat en Dret per la Universitat de Barcelona, amb postgrau en Dret Urban\u00edstic i Dret del Medi Ambient a la Universitat Pompeu Fabra i \u00e9s professor associat de Dret de l\u2019Energia en la Universitat Rovira i Virgili.<\/p><p>La vinculaci\u00f3 d\u2019en Joan amb el medi ambient i l\u2019energia ve de lluny, quan molt poca gent tractava el repte clim\u00e0tic i energ\u00e8tic. Autor de diferents llibres, ha estat director de l&#8217;IDAE quan es va obrir l\u2019autoconsum, ha estat director d\u2019Acci\u00f3 Ambiental i Energia de l\u2019Ajuntament del Prat, impulsant la comunitat energ\u00e8tica local del municipi. Suma aix\u00ed una visi\u00f3 global i local tant des de la perspectiva jur\u00eddica com pel que fa a les pol\u00edtiques p\u00fabliques.<\/p>\t\t\t\t\t\t\t\t<\/div>\n\t\t\t\t<\/div>\n\t\t\t\t\t<\/div>\n\t\t\t\t<\/div>\n\t\t\t\t<\/div>\n\t\t<div class=\"elementor-element elementor-element-117cf15 e-con-full e-flex e-con e-child\" data-id=\"117cf15\" data-element_type=\"container\" data-e-type=\"container\">\n\t\t<div class=\"elementor-element elementor-element-cb4022f e-con-full e-flex e-con e-child\" data-id=\"cb4022f\" data-element_type=\"container\" data-e-type=\"container\">\n\t\t\t\t<div class=\"elementor-element elementor-element-6fc1f73 elementor-widget elementor-widget-image\" data-id=\"6fc1f73\" data-element_type=\"widget\" data-e-type=\"widget\" data-widget_type=\"image.default\">\n\t\t\t\t<div class=\"elementor-widget-container\">\n\t\t\t\t\t\t\t\t\t\t\t\t\t\t\t<img decoding=\"async\" width=\"800\" height=\"794\" src=\"https:\/\/samso.eco\/wp-content\/uploads\/2025\/04\/Imatge9-08-1024x1016.png\" class=\"attachment-large size-large wp-image-2361\" alt=\"\" srcset=\"https:\/\/samso.eco\/wp-content\/uploads\/2025\/04\/Imatge9-08-1024x1016.png 1024w, https:\/\/samso.eco\/wp-content\/uploads\/2025\/04\/Imatge9-08-300x298.png 300w, https:\/\/samso.eco\/wp-content\/uploads\/2025\/04\/Imatge9-08-150x150.png 150w, https:\/\/samso.eco\/wp-content\/uploads\/2025\/04\/Imatge9-08-768x762.png 768w, https:\/\/samso.eco\/wp-content\/uploads\/2025\/04\/Imatge9-08-1536x1524.png 1536w, https:\/\/samso.eco\/wp-content\/uploads\/2025\/04\/Imatge9-08-2048x2032.png 2048w\" sizes=\"(max-width: 800px) 100vw, 800px\" \/>\t\t\t\t\t\t\t\t\t\t\t\t\t\t\t<\/div>\n\t\t\t\t<\/div>\n\t\t\t\t<\/div>\n\t\t<div class=\"elementor-element elementor-element-4ef100b e-flex e-con-boxed e-con e-child\" data-id=\"4ef100b\" data-element_type=\"container\" data-e-type=\"container\">\n\t\t\t\t\t<div class=\"e-con-inner\">\n\t\t\t\t<div class=\"elementor-element elementor-element-228b0f6 elementor-widget elementor-widget-heading\" data-id=\"228b0f6\" data-element_type=\"widget\" data-e-type=\"widget\" data-widget_type=\"heading.default\">\n\t\t\t\t<div class=\"elementor-widget-container\">\n\t\t\t\t\t<h2 class=\"elementor-heading-title elementor-size-default\">J\u00d8RGE ANDREY<\/h2>\t\t\t\t<\/div>\n\t\t\t\t<\/div>\n\t\t\t\t<div class=\"elementor-element elementor-element-27859a1 elementor-align-start elementor-icon-list--layout-traditional elementor-list-item-link-full_width elementor-widget elementor-widget-icon-list\" data-id=\"27859a1\" data-element_type=\"widget\" data-e-type=\"widget\" data-widget_type=\"icon-list.default\">\n\t\t\t\t<div class=\"elementor-widget-container\">\n\t\t\t\t\t\t\t<ul class=\"elementor-icon-list-items\">\n\t\t\t\t\t\t\t<li class=\"elementor-icon-list-item\">\n\t\t\t\t\t\t\t\t\t\t\t<a href=\"https:\/\/www.linkedin.com\/in\/jorgeandrey\/\" target=\"_blank\">\n\n\t\t\t\t\t\t\t\t\t\t\t\t<span class=\"elementor-icon-list-icon\">\n\t\t\t\t\t\t\t<svg xmlns=\"http:\/\/www.w3.org\/2000\/svg\" xmlns:xlink=\"http:\/\/www.w3.org\/1999\/xlink\" id=\"Capa_1\" x=\"0px\" y=\"0px\" viewBox=\"0 0 50 50\" style=\"enable-background:new 0 0 50 50;\" xml:space=\"preserve\"><style type=\"text\/css\">\t.st0{fill:#A8BCAF;}<\/style><g>\t<path class=\"st0\" d=\"M37.9,44.1H12.1c-3.4,0-6.2-2.8-6.2-6.2V12.1c0-3.4,2.8-6.2,6.2-6.2h25.7c3.4,0,6.2,2.8,6.2,6.2v25.7  C44.1,41.3,41.3,44.1,37.9,44.1z M12.1,8C9.8,8,8,9.8,8,12.1v25.7c0,2.3,1.9,4.2,4.2,4.2h25.7c2.3,0,4.2-1.9,4.2-4.2V12.1  C42,9.8,40.2,8,37.9,8H12.1z\"><\/path>\t<g>\t\t<path class=\"st0\" d=\"M19.8,34.2h-4.4V21h4.4V34.2z M17.6,19.2L17.6,19.2c-1.5,0-2.5-1-2.5-2.3c0-1.3,1-2.3,2.5-2.3s2.4,1,2.5,2.3   C20,18.2,19.1,19.2,17.6,19.2z M35.6,34.2h-4.4v-7.1c0-1.8-0.6-3-2.2-3c-1.2,0-1.9,0.8-2.3,1.6c-0.1,0.3-0.1,0.7-0.1,1.1v7.4h-4.4   c0,0,0.1-12,0-13.2h4.4v1.9c0.6-0.9,1.6-2.2,4-2.2c2.9,0,5.1,1.9,5.1,5.9V34.2z\"><\/path>\t<\/g><\/g><\/svg>\t\t\t\t\t\t<\/span>\n\t\t\t\t\t\t\t\t\t\t<span class=\"elementor-icon-list-text\">C\u00d8NNECTA AMB MI<\/span>\n\t\t\t\t\t\t\t\t\t\t\t<\/a>\n\t\t\t\t\t\t\t\t\t<\/li>\n\t\t\t\t\t\t<\/ul>\n\t\t\t\t\t\t<\/div>\n\t\t\t\t<\/div>\n\t\t\t\t<div class=\"elementor-element elementor-element-d974a0a elementor-widget elementor-widget-menu-anchor\" data-id=\"d974a0a\" data-element_type=\"widget\" data-e-type=\"widget\" data-widget_type=\"menu-anchor.default\">\n\t\t\t\t<div class=\"elementor-widget-container\">\n\t\t\t\t\t\t\t<div class=\"elementor-menu-anchor\" id=\"raimon-galve\"><\/div>\n\t\t\t\t\t\t<\/div>\n\t\t\t\t<\/div>\n\t\t\t\t<div class=\"elementor-element elementor-element-a104478 elementor-widget elementor-widget-text-editor\" data-id=\"a104478\" data-element_type=\"widget\" data-e-type=\"widget\" data-widget_type=\"text-editor.default\">\n\t\t\t\t<div class=\"elementor-widget-container\">\n\t\t\t\t\t\t\t\t\t<p>En Jorge \u00e9s llicenciat en Dret i Ci\u00e8ncies Pol\u00edtiques per la Universitat Aut\u00f2noma de Madrid i m\u00e0ster en Pol\u00edtica i Planejament Mediambiental per la Universitat T\u00e8cnica de Berl\u00edn. Compta amb una \u00e0mplia experi\u00e8ncia en l\u2019\u00e0mbit de les energies renovables i des de fa deu anys exerceix com a advocat expert en el sector el\u00e8ctric. <\/p><p>En Jorge \u00e9s un ferm defensor d&#8217;una transici\u00f3 energ\u00e8tica aut\u00e8ntica: participada, justa i distribu\u00efda. A m\u00e9s d\u2019aparicions en televisi\u00f3 i premsa, ha realitzat pon\u00e8ncies i cursos sobre sector el\u00e8ctric, PPAs, autoconsum i comunitats energ\u00e8tiques. En el seu dia a dia laboral ajuda els seus clients a trobar i dissenyar solucions legals per a encaixar les noves tecnologies i models de negoci sostenibles en la regulaci\u00f3 vigent.<\/p>\t\t\t\t\t\t\t\t<\/div>\n\t\t\t\t<\/div>\n\t\t\t\t\t<\/div>\n\t\t\t\t<\/div>\n\t\t\t\t<\/div>\n\t\t<div class=\"elementor-element elementor-element-84344ba e-con-full e-flex e-con e-child\" data-id=\"84344ba\" data-element_type=\"container\" data-e-type=\"container\">\n\t\t<div class=\"elementor-element elementor-element-a8ceea5 e-con-full e-flex e-con e-child\" data-id=\"a8ceea5\" data-element_type=\"container\" data-e-type=\"container\">\n\t\t\t\t<div class=\"elementor-element elementor-element-c0bb89d elementor-widget elementor-widget-image\" data-id=\"c0bb89d\" data-element_type=\"widget\" data-e-type=\"widget\" data-widget_type=\"image.default\">\n\t\t\t\t<div class=\"elementor-widget-container\">\n\t\t\t\t\t\t\t\t\t\t\t\t\t\t\t<img decoding=\"async\" width=\"800\" height=\"794\" src=\"https:\/\/samso.eco\/wp-content\/uploads\/2025\/04\/Imatge9-01-1024x1016.png\" class=\"attachment-large size-large wp-image-2340\" alt=\"\" srcset=\"https:\/\/samso.eco\/wp-content\/uploads\/2025\/04\/Imatge9-01-1024x1016.png 1024w, https:\/\/samso.eco\/wp-content\/uploads\/2025\/04\/Imatge9-01-300x298.png 300w, https:\/\/samso.eco\/wp-content\/uploads\/2025\/04\/Imatge9-01-150x150.png 150w, https:\/\/samso.eco\/wp-content\/uploads\/2025\/04\/Imatge9-01-768x762.png 768w, https:\/\/samso.eco\/wp-content\/uploads\/2025\/04\/Imatge9-01-1536x1524.png 1536w, https:\/\/samso.eco\/wp-content\/uploads\/2025\/04\/Imatge9-01-2048x2032.png 2048w\" sizes=\"(max-width: 800px) 100vw, 800px\" \/>\t\t\t\t\t\t\t\t\t\t\t\t\t\t\t<\/div>\n\t\t\t\t<\/div>\n\t\t\t\t<\/div>\n\t\t<div class=\"elementor-element elementor-element-4b48c04 e-flex e-con-boxed e-con e-child\" data-id=\"4b48c04\" data-element_type=\"container\" data-e-type=\"container\">\n\t\t\t\t\t<div class=\"e-con-inner\">\n\t\t\t\t<div class=\"elementor-element elementor-element-972e340 elementor-widget elementor-widget-heading\" data-id=\"972e340\" data-element_type=\"widget\" data-e-type=\"widget\" data-widget_type=\"heading.default\">\n\t\t\t\t<div class=\"elementor-widget-container\">\n\t\t\t\t\t<h2 class=\"elementor-heading-title elementor-size-default\">RAIM\u00d8N GALVE<\/h2>\t\t\t\t<\/div>\n\t\t\t\t<\/div>\n\t\t\t\t<div class=\"elementor-element elementor-element-a2de2dd elementor-align-start elementor-icon-list--layout-traditional elementor-list-item-link-full_width elementor-widget elementor-widget-icon-list\" data-id=\"a2de2dd\" data-element_type=\"widget\" data-e-type=\"widget\" data-widget_type=\"icon-list.default\">\n\t\t\t\t<div class=\"elementor-widget-container\">\n\t\t\t\t\t\t\t<ul class=\"elementor-icon-list-items\">\n\t\t\t\t\t\t\t<li class=\"elementor-icon-list-item\">\n\t\t\t\t\t\t\t\t\t\t\t<a href=\"https:\/\/www.linkedin.com\/in\/raimon-galve-batet-9b1297263\/\" target=\"_blank\">\n\n\t\t\t\t\t\t\t\t\t\t\t\t<span class=\"elementor-icon-list-icon\">\n\t\t\t\t\t\t\t<svg xmlns=\"http:\/\/www.w3.org\/2000\/svg\" xmlns:xlink=\"http:\/\/www.w3.org\/1999\/xlink\" id=\"Capa_1\" x=\"0px\" y=\"0px\" viewBox=\"0 0 50 50\" style=\"enable-background:new 0 0 50 50;\" xml:space=\"preserve\"><style type=\"text\/css\">\t.st0{fill:#A8BCAF;}<\/style><g>\t<path class=\"st0\" d=\"M37.9,44.1H12.1c-3.4,0-6.2-2.8-6.2-6.2V12.1c0-3.4,2.8-6.2,6.2-6.2h25.7c3.4,0,6.2,2.8,6.2,6.2v25.7  C44.1,41.3,41.3,44.1,37.9,44.1z M12.1,8C9.8,8,8,9.8,8,12.1v25.7c0,2.3,1.9,4.2,4.2,4.2h25.7c2.3,0,4.2-1.9,4.2-4.2V12.1  C42,9.8,40.2,8,37.9,8H12.1z\"><\/path>\t<g>\t\t<path class=\"st0\" d=\"M19.8,34.2h-4.4V21h4.4V34.2z M17.6,19.2L17.6,19.2c-1.5,0-2.5-1-2.5-2.3c0-1.3,1-2.3,2.5-2.3s2.4,1,2.5,2.3   C20,18.2,19.1,19.2,17.6,19.2z M35.6,34.2h-4.4v-7.1c0-1.8-0.6-3-2.2-3c-1.2,0-1.9,0.8-2.3,1.6c-0.1,0.3-0.1,0.7-0.1,1.1v7.4h-4.4   c0,0,0.1-12,0-13.2h4.4v1.9c0.6-0.9,1.6-2.2,4-2.2c2.9,0,5.1,1.9,5.1,5.9V34.2z\"><\/path>\t<\/g><\/g><\/svg>\t\t\t\t\t\t<\/span>\n\t\t\t\t\t\t\t\t\t\t<span class=\"elementor-icon-list-text\">C\u00d8NNECTA AMB MI<\/span>\n\t\t\t\t\t\t\t\t\t\t\t<\/a>\n\t\t\t\t\t\t\t\t\t<\/li>\n\t\t\t\t\t\t<\/ul>\n\t\t\t\t\t\t<\/div>\n\t\t\t\t<\/div>\n\t\t\t\t<div class=\"elementor-element elementor-element-21eb594 elementor-widget elementor-widget-menu-anchor\" data-id=\"21eb594\" data-element_type=\"widget\" data-e-type=\"widget\" data-widget_type=\"menu-anchor.default\">\n\t\t\t\t<div class=\"elementor-widget-container\">\n\t\t\t\t\t\t\t<div class=\"elementor-menu-anchor\" id=\"marcal-muste\"><\/div>\n\t\t\t\t\t\t<\/div>\n\t\t\t\t<\/div>\n\t\t\t\t<div class=\"elementor-element elementor-element-c51845e elementor-widget elementor-widget-text-editor\" data-id=\"c51845e\" data-element_type=\"widget\" data-e-type=\"widget\" data-widget_type=\"text-editor.default\">\n\t\t\t\t<div class=\"elementor-widget-container\">\n\t\t\t\t\t\t\t\t\t<p>Graduat en Dret i Ci\u00e8ncies Pol\u00edtiques i Gesti\u00f3 P\u00fablica, i realitzant actualment un MBA (Master of Business Administration), t\u00e9 experi\u00e8ncia en la gesti\u00f3 de projectes que intensifiquen l\u2019acc\u00e9s de la ciutadania a les noves tecnologies i eines per a transformar les nostres vides. Expert en el disseny de projectes i especialitzat en el tracte amb les administracions p\u00fabliques i el seu entorn, ha impulsat projectes per a diferents productes i ha treballat en una de les empreses de refer\u00e8ncia del mercat tecnol\u00f2gic catal\u00e0. La formaci\u00f3 en Dret i Ci\u00e8ncies Pol\u00edtiques i Gesti\u00f3 P\u00fablica, juntament amb l&#8217;MBA, aporta una visi\u00f3 integral per al desenvolupament de projectes en la transici\u00f3 energ\u00e8tica. Permet entendre les regulacions del sector, gestionar estrat\u00e8gies empresarials efectives i promoure pol\u00edtiques sostenibles, fomentant solucions innovadores que responen als reptes energ\u00e8tics actuals.   <\/p>\t\t\t\t\t\t\t\t<\/div>\n\t\t\t\t<\/div>\n\t\t\t\t\t<\/div>\n\t\t\t\t<\/div>\n\t\t\t\t<\/div>\n\t\t<div class=\"elementor-element elementor-element-0951081 e-con-full e-flex e-con e-child\" data-id=\"0951081\" data-element_type=\"container\" data-e-type=\"container\">\n\t\t<div class=\"elementor-element elementor-element-eaa0618 e-con-full e-flex e-con e-child\" data-id=\"eaa0618\" data-element_type=\"container\" data-e-type=\"container\">\n\t\t\t\t<div class=\"elementor-element elementor-element-0f8b2dd elementor-widget elementor-widget-image\" data-id=\"0f8b2dd\" data-element_type=\"widget\" data-e-type=\"widget\" data-widget_type=\"image.default\">\n\t\t\t\t<div class=\"elementor-widget-container\">\n\t\t\t\t\t\t\t\t\t\t\t\t\t\t\t<img loading=\"lazy\" decoding=\"async\" width=\"800\" height=\"794\" src=\"https:\/\/samso.eco\/wp-content\/uploads\/2025\/04\/Imatge9-07-1-1024x1016.png\" class=\"attachment-large size-large wp-image-2370\" alt=\"\" srcset=\"https:\/\/samso.eco\/wp-content\/uploads\/2025\/04\/Imatge9-07-1-1024x1016.png 1024w, https:\/\/samso.eco\/wp-content\/uploads\/2025\/04\/Imatge9-07-1-300x298.png 300w, https:\/\/samso.eco\/wp-content\/uploads\/2025\/04\/Imatge9-07-1-150x150.png 150w, https:\/\/samso.eco\/wp-content\/uploads\/2025\/04\/Imatge9-07-1-768x762.png 768w, https:\/\/samso.eco\/wp-content\/uploads\/2025\/04\/Imatge9-07-1-1536x1524.png 1536w, https:\/\/samso.eco\/wp-content\/uploads\/2025\/04\/Imatge9-07-1-2048x2032.png 2048w\" sizes=\"(max-width: 800px) 100vw, 800px\" \/>\t\t\t\t\t\t\t\t\t\t\t\t\t\t\t<\/div>\n\t\t\t\t<\/div>\n\t\t\t\t<\/div>\n\t\t<div class=\"elementor-element elementor-element-5fff317 e-flex e-con-boxed e-con e-child\" data-id=\"5fff317\" data-element_type=\"container\" data-e-type=\"container\">\n\t\t\t\t\t<div class=\"e-con-inner\">\n\t\t\t\t<div class=\"elementor-element elementor-element-0f6988b elementor-widget elementor-widget-heading\" data-id=\"0f6988b\" data-element_type=\"widget\" data-e-type=\"widget\" data-widget_type=\"heading.default\">\n\t\t\t\t<div class=\"elementor-widget-container\">\n\t\t\t\t\t<h2 class=\"elementor-heading-title elementor-size-default\">MAR\u00c7AL MUST\u00c9<\/h2>\t\t\t\t<\/div>\n\t\t\t\t<\/div>\n\t\t\t\t<div class=\"elementor-element elementor-element-bc8bf3d elementor-align-start elementor-icon-list--layout-traditional elementor-list-item-link-full_width elementor-widget elementor-widget-icon-list\" data-id=\"bc8bf3d\" data-element_type=\"widget\" data-e-type=\"widget\" data-widget_type=\"icon-list.default\">\n\t\t\t\t<div class=\"elementor-widget-container\">\n\t\t\t\t\t\t\t<ul class=\"elementor-icon-list-items\">\n\t\t\t\t\t\t\t<li class=\"elementor-icon-list-item\">\n\t\t\t\t\t\t\t\t\t\t\t<a href=\"https:\/\/www.linkedin.com\/in\/mar\u00e7al-must\u00e9-i-jov\u00e9-3b773b1b0\/\" target=\"_blank\">\n\n\t\t\t\t\t\t\t\t\t\t\t\t<span class=\"elementor-icon-list-icon\">\n\t\t\t\t\t\t\t<svg xmlns=\"http:\/\/www.w3.org\/2000\/svg\" xmlns:xlink=\"http:\/\/www.w3.org\/1999\/xlink\" id=\"Capa_1\" x=\"0px\" y=\"0px\" viewBox=\"0 0 50 50\" style=\"enable-background:new 0 0 50 50;\" xml:space=\"preserve\"><style type=\"text\/css\">\t.st0{fill:#A8BCAF;}<\/style><g>\t<path class=\"st0\" d=\"M37.9,44.1H12.1c-3.4,0-6.2-2.8-6.2-6.2V12.1c0-3.4,2.8-6.2,6.2-6.2h25.7c3.4,0,6.2,2.8,6.2,6.2v25.7  C44.1,41.3,41.3,44.1,37.9,44.1z M12.1,8C9.8,8,8,9.8,8,12.1v25.7c0,2.3,1.9,4.2,4.2,4.2h25.7c2.3,0,4.2-1.9,4.2-4.2V12.1  C42,9.8,40.2,8,37.9,8H12.1z\"><\/path>\t<g>\t\t<path class=\"st0\" d=\"M19.8,34.2h-4.4V21h4.4V34.2z M17.6,19.2L17.6,19.2c-1.5,0-2.5-1-2.5-2.3c0-1.3,1-2.3,2.5-2.3s2.4,1,2.5,2.3   C20,18.2,19.1,19.2,17.6,19.2z M35.6,34.2h-4.4v-7.1c0-1.8-0.6-3-2.2-3c-1.2,0-1.9,0.8-2.3,1.6c-0.1,0.3-0.1,0.7-0.1,1.1v7.4h-4.4   c0,0,0.1-12,0-13.2h4.4v1.9c0.6-0.9,1.6-2.2,4-2.2c2.9,0,5.1,1.9,5.1,5.9V34.2z\"><\/path>\t<\/g><\/g><\/svg>\t\t\t\t\t\t<\/span>\n\t\t\t\t\t\t\t\t\t\t<span class=\"elementor-icon-list-text\">C\u00d8NNECTA AMB MI<\/span>\n\t\t\t\t\t\t\t\t\t\t\t<\/a>\n\t\t\t\t\t\t\t\t\t<\/li>\n\t\t\t\t\t\t<\/ul>\n\t\t\t\t\t\t<\/div>\n\t\t\t\t<\/div>\n\t\t\t\t<div class=\"elementor-element elementor-element-e6e7eca elementor-widget elementor-widget-menu-anchor\" data-id=\"e6e7eca\" data-element_type=\"widget\" data-e-type=\"widget\" data-widget_type=\"menu-anchor.default\">\n\t\t\t\t<div class=\"elementor-widget-container\">\n\t\t\t\t\t\t\t<div class=\"elementor-menu-anchor\" id=\"eduard-savall\"><\/div>\n\t\t\t\t\t\t<\/div>\n\t\t\t\t<\/div>\n\t\t\t\t<div class=\"elementor-element elementor-element-38b6bcc elementor-widget elementor-widget-text-editor\" data-id=\"38b6bcc\" data-element_type=\"widget\" data-e-type=\"widget\" data-widget_type=\"text-editor.default\">\n\t\t\t\t<div class=\"elementor-widget-container\">\n\t\t\t\t\t\t\t\t\t<p>Graduat en Enginyeria de l\u2019Energia i col\u00b7legiat al CETIB, aquest professional posseeix una experi\u00e8ncia 360\u00ba en projectes fotovoltaics d\u2019autoconsum. Ha participat en totes les etapes del proc\u00e9s, des del disseny inicial fins a l&#8217;execuci\u00f3, detectant les necessitats espec\u00edfiques de cada projecte i portant a terme un control detallat del proc\u00e9s. Com a cap de l&#8217;oficina t\u00e8cnica, ha desenvolupat projectes diversos en diferents instal\u00b7ladores, abordant tant el sector residencial com el p\u00fablic i privat. La seva capacitat d&#8217;adaptaci\u00f3 i versatilitat li permet gestionar i implementar projectes de qualsevol escala i complexitat, assegurant que s&#8217;ajustin als requisits i expectatives dels clients. A m\u00e9s, t\u00e9 experi\u00e8ncia en el seguiment i l\u2019elaboraci\u00f3 de contractes de subministrament en el mercat el\u00e8ctric, la qual cosa enriqueix la seva compet\u00e8ncia en la gesti\u00f3 integral de projectes energ\u00e8tics.    <\/p>\t\t\t\t\t\t\t\t<\/div>\n\t\t\t\t<\/div>\n\t\t\t\t\t<\/div>\n\t\t\t\t<\/div>\n\t\t\t\t<\/div>\n\t\t<div class=\"elementor-element elementor-element-666d6b9 e-con-full e-flex e-con e-child\" data-id=\"666d6b9\" data-element_type=\"container\" data-e-type=\"container\">\n\t\t<div class=\"elementor-element elementor-element-124eb3c e-con-full e-flex e-con e-child\" data-id=\"124eb3c\" data-element_type=\"container\" data-e-type=\"container\">\n\t\t\t\t<div class=\"elementor-element elementor-element-fbcdeb1 elementor-widget elementor-widget-image\" data-id=\"fbcdeb1\" data-element_type=\"widget\" data-e-type=\"widget\" data-widget_type=\"image.default\">\n\t\t\t\t<div class=\"elementor-widget-container\">\n\t\t\t\t\t\t\t\t\t\t\t\t\t\t\t<img loading=\"lazy\" decoding=\"async\" width=\"800\" height=\"794\" src=\"https:\/\/samso.eco\/wp-content\/uploads\/2025\/04\/Imatge9-03-1024x1016.png\" class=\"attachment-large size-large wp-image-2346\" alt=\"\" srcset=\"https:\/\/samso.eco\/wp-content\/uploads\/2025\/04\/Imatge9-03-1024x1016.png 1024w, https:\/\/samso.eco\/wp-content\/uploads\/2025\/04\/Imatge9-03-300x298.png 300w, https:\/\/samso.eco\/wp-content\/uploads\/2025\/04\/Imatge9-03-150x150.png 150w, https:\/\/samso.eco\/wp-content\/uploads\/2025\/04\/Imatge9-03-768x762.png 768w, https:\/\/samso.eco\/wp-content\/uploads\/2025\/04\/Imatge9-03-1536x1524.png 1536w, https:\/\/samso.eco\/wp-content\/uploads\/2025\/04\/Imatge9-03-2048x2032.png 2048w\" sizes=\"(max-width: 800px) 100vw, 800px\" \/>\t\t\t\t\t\t\t\t\t\t\t\t\t\t\t<\/div>\n\t\t\t\t<\/div>\n\t\t\t\t<\/div>\n\t\t<div class=\"elementor-element elementor-element-57155d7 e-flex e-con-boxed e-con e-child\" data-id=\"57155d7\" data-element_type=\"container\" data-e-type=\"container\">\n\t\t\t\t\t<div class=\"e-con-inner\">\n\t\t\t\t<div class=\"elementor-element elementor-element-1881f56 elementor-widget elementor-widget-heading\" data-id=\"1881f56\" data-element_type=\"widget\" data-e-type=\"widget\" data-widget_type=\"heading.default\">\n\t\t\t\t<div class=\"elementor-widget-container\">\n\t\t\t\t\t<h2 class=\"elementor-heading-title elementor-size-default\">EDUARD SAVALL<\/h2>\t\t\t\t<\/div>\n\t\t\t\t<\/div>\n\t\t\t\t<div class=\"elementor-element elementor-element-9cdf16d elementor-align-start elementor-icon-list--layout-traditional elementor-list-item-link-full_width elementor-widget elementor-widget-icon-list\" data-id=\"9cdf16d\" data-element_type=\"widget\" data-e-type=\"widget\" data-widget_type=\"icon-list.default\">\n\t\t\t\t<div class=\"elementor-widget-container\">\n\t\t\t\t\t\t\t<ul class=\"elementor-icon-list-items\">\n\t\t\t\t\t\t\t<li class=\"elementor-icon-list-item\">\n\t\t\t\t\t\t\t\t\t\t\t<a href=\"https:\/\/www.linkedin.com\/in\/eduard-savall-roig-b1730186\/\" target=\"_blank\">\n\n\t\t\t\t\t\t\t\t\t\t\t\t<span class=\"elementor-icon-list-icon\">\n\t\t\t\t\t\t\t<svg xmlns=\"http:\/\/www.w3.org\/2000\/svg\" xmlns:xlink=\"http:\/\/www.w3.org\/1999\/xlink\" id=\"Capa_1\" x=\"0px\" y=\"0px\" viewBox=\"0 0 50 50\" style=\"enable-background:new 0 0 50 50;\" xml:space=\"preserve\"><style type=\"text\/css\">\t.st0{fill:#A8BCAF;}<\/style><g>\t<path class=\"st0\" d=\"M37.9,44.1H12.1c-3.4,0-6.2-2.8-6.2-6.2V12.1c0-3.4,2.8-6.2,6.2-6.2h25.7c3.4,0,6.2,2.8,6.2,6.2v25.7  C44.1,41.3,41.3,44.1,37.9,44.1z M12.1,8C9.8,8,8,9.8,8,12.1v25.7c0,2.3,1.9,4.2,4.2,4.2h25.7c2.3,0,4.2-1.9,4.2-4.2V12.1  C42,9.8,40.2,8,37.9,8H12.1z\"><\/path>\t<g>\t\t<path class=\"st0\" d=\"M19.8,34.2h-4.4V21h4.4V34.2z M17.6,19.2L17.6,19.2c-1.5,0-2.5-1-2.5-2.3c0-1.3,1-2.3,2.5-2.3s2.4,1,2.5,2.3   C20,18.2,19.1,19.2,17.6,19.2z M35.6,34.2h-4.4v-7.1c0-1.8-0.6-3-2.2-3c-1.2,0-1.9,0.8-2.3,1.6c-0.1,0.3-0.1,0.7-0.1,1.1v7.4h-4.4   c0,0,0.1-12,0-13.2h4.4v1.9c0.6-0.9,1.6-2.2,4-2.2c2.9,0,5.1,1.9,5.1,5.9V34.2z\"><\/path>\t<\/g><\/g><\/svg>\t\t\t\t\t\t<\/span>\n\t\t\t\t\t\t\t\t\t\t<span class=\"elementor-icon-list-text\">C\u00d8NNECTA AMB MI<\/span>\n\t\t\t\t\t\t\t\t\t\t\t<\/a>\n\t\t\t\t\t\t\t\t\t<\/li>\n\t\t\t\t\t\t<\/ul>\n\t\t\t\t\t\t<\/div>\n\t\t\t\t<\/div>\n\t\t\t\t<div class=\"elementor-element elementor-element-edc86a5 elementor-widget elementor-widget-menu-anchor\" data-id=\"edc86a5\" data-element_type=\"widget\" data-e-type=\"widget\" data-widget_type=\"menu-anchor.default\">\n\t\t\t\t<div class=\"elementor-widget-container\">\n\t\t\t\t\t\t\t<div class=\"elementor-menu-anchor\" id=\"alvaro-barros\"><\/div>\n\t\t\t\t\t\t<\/div>\n\t\t\t\t<\/div>\n\t\t\t\t<div class=\"elementor-element elementor-element-e073102 elementor-widget elementor-widget-text-editor\" data-id=\"e073102\" data-element_type=\"widget\" data-e-type=\"widget\" data-widget_type=\"text-editor.default\">\n\t\t\t\t<div class=\"elementor-widget-container\">\n\t\t\t\t\t\t\t\t\t<p>L&#8217;Eduard \u00e9s graduat en Dret per la Universitat de Barcelona (2019), on tamb\u00e9 hi ha cursat un postgrau en Dret Mediambiental de la Uni\u00f3 Europea (2019) i el m\u00e0ster d\u2019Advocacia (2021). Ha treballat en l&#8217;\u00e0mbit de la contractaci\u00f3 p\u00fablica en entitats del sector p\u00fablic i ha realitzat una estada de pr\u00e0ctiques professionals a la Direcci\u00f3 General del Clima de la Comissi\u00f3 Europea (2024) en mat\u00e8ria del Sistema Europeu de Comer\u00e7 de Drets d&#8217;Emissi\u00f3 de CO2 (EU ETS).<\/p>\t\t\t\t\t\t\t\t<\/div>\n\t\t\t\t<\/div>\n\t\t\t\t\t<\/div>\n\t\t\t\t<\/div>\n\t\t\t\t<\/div>\n\t\t<div class=\"elementor-element elementor-element-c515193 e-con-full e-flex e-con e-child\" data-id=\"c515193\" data-element_type=\"container\" data-e-type=\"container\">\n\t\t<div class=\"elementor-element elementor-element-5cdcb02 e-con-full e-flex e-con e-child\" data-id=\"5cdcb02\" data-element_type=\"container\" data-e-type=\"container\">\n\t\t\t\t<div class=\"elementor-element elementor-element-bf9d824 elementor-widget elementor-widget-image\" data-id=\"bf9d824\" data-element_type=\"widget\" data-e-type=\"widget\" data-widget_type=\"image.default\">\n\t\t\t\t<div class=\"elementor-widget-container\">\n\t\t\t\t\t\t\t\t\t\t\t\t\t\t\t<img loading=\"lazy\" decoding=\"async\" width=\"800\" height=\"794\" src=\"https:\/\/samso.eco\/wp-content\/uploads\/2025\/04\/Imatge9-02-1024x1016.png\" class=\"attachment-large size-large wp-image-2343\" alt=\"\" srcset=\"https:\/\/samso.eco\/wp-content\/uploads\/2025\/04\/Imatge9-02-1024x1016.png 1024w, https:\/\/samso.eco\/wp-content\/uploads\/2025\/04\/Imatge9-02-300x298.png 300w, https:\/\/samso.eco\/wp-content\/uploads\/2025\/04\/Imatge9-02-150x150.png 150w, https:\/\/samso.eco\/wp-content\/uploads\/2025\/04\/Imatge9-02-768x762.png 768w, https:\/\/samso.eco\/wp-content\/uploads\/2025\/04\/Imatge9-02-1536x1524.png 1536w, https:\/\/samso.eco\/wp-content\/uploads\/2025\/04\/Imatge9-02-2048x2032.png 2048w\" sizes=\"(max-width: 800px) 100vw, 800px\" \/>\t\t\t\t\t\t\t\t\t\t\t\t\t\t\t<\/div>\n\t\t\t\t<\/div>\n\t\t\t\t<\/div>\n\t\t<div class=\"elementor-element elementor-element-4b9dd55 e-flex e-con-boxed e-con e-child\" data-id=\"4b9dd55\" data-element_type=\"container\" data-e-type=\"container\">\n\t\t\t\t\t<div class=\"e-con-inner\">\n\t\t\t\t<div class=\"elementor-element elementor-element-5332254 elementor-widget elementor-widget-heading\" data-id=\"5332254\" data-element_type=\"widget\" data-e-type=\"widget\" data-widget_type=\"heading.default\">\n\t\t\t\t<div class=\"elementor-widget-container\">\n\t\t\t\t\t<h2 class=\"elementor-heading-title elementor-size-default\">\u00c1LVAR\u00d8 BARR\u00d8S<\/h2>\t\t\t\t<\/div>\n\t\t\t\t<\/div>\n\t\t\t\t<div class=\"elementor-element elementor-element-86c8713 elementor-align-start elementor-icon-list--layout-traditional elementor-list-item-link-full_width elementor-widget elementor-widget-icon-list\" data-id=\"86c8713\" data-element_type=\"widget\" data-e-type=\"widget\" data-widget_type=\"icon-list.default\">\n\t\t\t\t<div class=\"elementor-widget-container\">\n\t\t\t\t\t\t\t<ul class=\"elementor-icon-list-items\">\n\t\t\t\t\t\t\t<li class=\"elementor-icon-list-item\">\n\t\t\t\t\t\t\t\t\t\t\t<a href=\"https:\/\/www.linkedin.com\/in\/alvarobarrosastudillo\" target=\"_blank\">\n\n\t\t\t\t\t\t\t\t\t\t\t\t<span class=\"elementor-icon-list-icon\">\n\t\t\t\t\t\t\t<svg xmlns=\"http:\/\/www.w3.org\/2000\/svg\" xmlns:xlink=\"http:\/\/www.w3.org\/1999\/xlink\" id=\"Capa_1\" x=\"0px\" y=\"0px\" viewBox=\"0 0 50 50\" style=\"enable-background:new 0 0 50 50;\" xml:space=\"preserve\"><style type=\"text\/css\">\t.st0{fill:#A8BCAF;}<\/style><g>\t<path class=\"st0\" d=\"M37.9,44.1H12.1c-3.4,0-6.2-2.8-6.2-6.2V12.1c0-3.4,2.8-6.2,6.2-6.2h25.7c3.4,0,6.2,2.8,6.2,6.2v25.7  C44.1,41.3,41.3,44.1,37.9,44.1z M12.1,8C9.8,8,8,9.8,8,12.1v25.7c0,2.3,1.9,4.2,4.2,4.2h25.7c2.3,0,4.2-1.9,4.2-4.2V12.1  C42,9.8,40.2,8,37.9,8H12.1z\"><\/path>\t<g>\t\t<path class=\"st0\" d=\"M19.8,34.2h-4.4V21h4.4V34.2z M17.6,19.2L17.6,19.2c-1.5,0-2.5-1-2.5-2.3c0-1.3,1-2.3,2.5-2.3s2.4,1,2.5,2.3   C20,18.2,19.1,19.2,17.6,19.2z M35.6,34.2h-4.4v-7.1c0-1.8-0.6-3-2.2-3c-1.2,0-1.9,0.8-2.3,1.6c-0.1,0.3-0.1,0.7-0.1,1.1v7.4h-4.4   c0,0,0.1-12,0-13.2h4.4v1.9c0.6-0.9,1.6-2.2,4-2.2c2.9,0,5.1,1.9,5.1,5.9V34.2z\"><\/path>\t<\/g><\/g><\/svg>\t\t\t\t\t\t<\/span>\n\t\t\t\t\t\t\t\t\t\t<span class=\"elementor-icon-list-text\">C\u00d8NNECTA AMB MI<\/span>\n\t\t\t\t\t\t\t\t\t\t\t<\/a>\n\t\t\t\t\t\t\t\t\t<\/li>\n\t\t\t\t\t\t<\/ul>\n\t\t\t\t\t\t<\/div>\n\t\t\t\t<\/div>\n\t\t\t\t<div class=\"elementor-element elementor-element-c12f9e2 elementor-widget elementor-widget-menu-anchor\" data-id=\"c12f9e2\" data-element_type=\"widget\" data-e-type=\"widget\" data-widget_type=\"menu-anchor.default\">\n\t\t\t\t<div class=\"elementor-widget-container\">\n\t\t\t\t\t\t\t<div class=\"elementor-menu-anchor\" id=\"soukaina\"><\/div>\n\t\t\t\t\t\t<\/div>\n\t\t\t\t<\/div>\n\t\t\t\t<div class=\"elementor-element elementor-element-c46811e elementor-widget elementor-widget-text-editor\" data-id=\"c46811e\" data-element_type=\"widget\" data-e-type=\"widget\" data-widget_type=\"text-editor.default\">\n\t\t\t\t<div class=\"elementor-widget-container\">\n\t\t\t\t\t\t\t\t\t<p>L\u2019\u00c1lvaro \u00e9s llicenciat i graduat en Dret tant a Xile (2013) com a Espanya (2025). T\u00e9 un postgrau en Dret de l\u2019Energia per la Pontif\u00edcia Universitat Cat\u00f2lica de Xile (2016) i un M\u00e0ster en Dret Ambiental i de la Sostenibilitat per la Universitat d\u2019Alacant (2022), on va ser distingit amb el Premi Extraordinari al millor expedient acad\u00e8mic. Compta amb m\u00e9s de nou anys d\u2019experi\u00e8ncia assessorant en dret de l\u2019energia, ambiental i administratiu. S\u2019ha especialitzat en el disseny i la implementaci\u00f3 d\u2019estrat\u00e8gies de compliment normatiu, contribuint a l\u2019execuci\u00f3 eficient i segura de projectes en mercats altament regulats.   <\/p>\t\t\t\t\t\t\t\t<\/div>\n\t\t\t\t<\/div>\n\t\t\t\t\t<\/div>\n\t\t\t\t<\/div>\n\t\t\t\t<\/div>\n\t\t<div class=\"elementor-element elementor-element-e5540f5 e-con-full e-flex e-con e-child\" data-id=\"e5540f5\" data-element_type=\"container\" data-e-type=\"container\">\n\t\t<div class=\"elementor-element elementor-element-029c703 e-con-full e-flex e-con e-child\" data-id=\"029c703\" data-element_type=\"container\" data-e-type=\"container\">\n\t\t\t\t<div class=\"elementor-element elementor-element-2884879 elementor-widget elementor-widget-image\" data-id=\"2884879\" data-element_type=\"widget\" data-e-type=\"widget\" data-widget_type=\"image.default\">\n\t\t\t\t<div class=\"elementor-widget-container\">\n\t\t\t\t\t\t\t\t\t\t\t\t\t\t\t<img loading=\"lazy\" decoding=\"async\" width=\"800\" height=\"794\" src=\"https:\/\/samso.eco\/wp-content\/uploads\/2025\/04\/Imatge9-04-1024x1016.png\" class=\"attachment-large size-large wp-image-2349\" alt=\"\" srcset=\"https:\/\/samso.eco\/wp-content\/uploads\/2025\/04\/Imatge9-04-1024x1016.png 1024w, https:\/\/samso.eco\/wp-content\/uploads\/2025\/04\/Imatge9-04-300x298.png 300w, https:\/\/samso.eco\/wp-content\/uploads\/2025\/04\/Imatge9-04-150x150.png 150w, https:\/\/samso.eco\/wp-content\/uploads\/2025\/04\/Imatge9-04-768x762.png 768w, https:\/\/samso.eco\/wp-content\/uploads\/2025\/04\/Imatge9-04-1536x1524.png 1536w, https:\/\/samso.eco\/wp-content\/uploads\/2025\/04\/Imatge9-04-2048x2032.png 2048w\" sizes=\"(max-width: 800px) 100vw, 800px\" \/>\t\t\t\t\t\t\t\t\t\t\t\t\t\t\t<\/div>\n\t\t\t\t<\/div>\n\t\t\t\t<\/div>\n\t\t<div class=\"elementor-element elementor-element-53e318f e-flex e-con-boxed e-con e-child\" data-id=\"53e318f\" data-element_type=\"container\" data-e-type=\"container\">\n\t\t\t\t\t<div class=\"e-con-inner\">\n\t\t\t\t<div class=\"elementor-element elementor-element-7dff020 elementor-widget elementor-widget-heading\" data-id=\"7dff020\" data-element_type=\"widget\" data-e-type=\"widget\" data-widget_type=\"heading.default\">\n\t\t\t\t<div class=\"elementor-widget-container\">\n\t\t\t\t\t<h2 class=\"elementor-heading-title elementor-size-default\">S\u00d8UKAINA L'HIBA<\/h2>\t\t\t\t<\/div>\n\t\t\t\t<\/div>\n\t\t\t\t<div class=\"elementor-element elementor-element-44eb4cd elementor-align-start elementor-icon-list--layout-traditional elementor-list-item-link-full_width elementor-widget elementor-widget-icon-list\" data-id=\"44eb4cd\" data-element_type=\"widget\" data-e-type=\"widget\" data-widget_type=\"icon-list.default\">\n\t\t\t\t<div class=\"elementor-widget-container\">\n\t\t\t\t\t\t\t<ul class=\"elementor-icon-list-items\">\n\t\t\t\t\t\t\t<li class=\"elementor-icon-list-item\">\n\t\t\t\t\t\t\t\t\t\t\t<a href=\"http:\/\/www.linkedin.com\/in\/soukaina-l-hiba-83182a139\" target=\"_blank\">\n\n\t\t\t\t\t\t\t\t\t\t\t\t<span class=\"elementor-icon-list-icon\">\n\t\t\t\t\t\t\t<svg xmlns=\"http:\/\/www.w3.org\/2000\/svg\" xmlns:xlink=\"http:\/\/www.w3.org\/1999\/xlink\" id=\"Capa_1\" x=\"0px\" y=\"0px\" viewBox=\"0 0 50 50\" style=\"enable-background:new 0 0 50 50;\" xml:space=\"preserve\"><style type=\"text\/css\">\t.st0{fill:#A8BCAF;}<\/style><g>\t<path class=\"st0\" d=\"M37.9,44.1H12.1c-3.4,0-6.2-2.8-6.2-6.2V12.1c0-3.4,2.8-6.2,6.2-6.2h25.7c3.4,0,6.2,2.8,6.2,6.2v25.7  C44.1,41.3,41.3,44.1,37.9,44.1z M12.1,8C9.8,8,8,9.8,8,12.1v25.7c0,2.3,1.9,4.2,4.2,4.2h25.7c2.3,0,4.2-1.9,4.2-4.2V12.1  C42,9.8,40.2,8,37.9,8H12.1z\"><\/path>\t<g>\t\t<path class=\"st0\" d=\"M19.8,34.2h-4.4V21h4.4V34.2z M17.6,19.2L17.6,19.2c-1.5,0-2.5-1-2.5-2.3c0-1.3,1-2.3,2.5-2.3s2.4,1,2.5,2.3   C20,18.2,19.1,19.2,17.6,19.2z M35.6,34.2h-4.4v-7.1c0-1.8-0.6-3-2.2-3c-1.2,0-1.9,0.8-2.3,1.6c-0.1,0.3-0.1,0.7-0.1,1.1v7.4h-4.4   c0,0,0.1-12,0-13.2h4.4v1.9c0.6-0.9,1.6-2.2,4-2.2c2.9,0,5.1,1.9,5.1,5.9V34.2z\"><\/path>\t<\/g><\/g><\/svg>\t\t\t\t\t\t<\/span>\n\t\t\t\t\t\t\t\t\t\t<span class=\"elementor-icon-list-text\">C\u00d8NNECTA AMB MI<\/span>\n\t\t\t\t\t\t\t\t\t\t\t<\/a>\n\t\t\t\t\t\t\t\t\t<\/li>\n\t\t\t\t\t\t<\/ul>\n\t\t\t\t\t\t<\/div>\n\t\t\t\t<\/div>\n\t\t\t\t<div class=\"elementor-element elementor-element-52b90ad elementor-widget elementor-widget-menu-anchor\" data-id=\"52b90ad\" data-element_type=\"widget\" data-e-type=\"widget\" data-widget_type=\"menu-anchor.default\">\n\t\t\t\t<div class=\"elementor-widget-container\">\n\t\t\t\t\t\t\t<div class=\"elementor-menu-anchor\" id=\"tania-rivero\"><\/div>\n\t\t\t\t\t\t<\/div>\n\t\t\t\t<\/div>\n\t\t\t\t<div class=\"elementor-element elementor-element-e74f2c1 elementor-widget elementor-widget-text-editor\" data-id=\"e74f2c1\" data-element_type=\"widget\" data-e-type=\"widget\" data-widget_type=\"text-editor.default\">\n\t\t\t\t<div class=\"elementor-widget-container\">\n\t\t\t\t\t\t\t\t\t<p><span data-teams=\"true\">Soukaina \u00e9s graduada en Dret per la Universitat Aut\u00f2noma de Barcelona (2021) i compta amb un m\u00e0ster a Advocacia per la Universitat Oberta de Catalunya (2023). Compta amb \u00e0mplia experi\u00e8ncia en el sector de l&#8217;energia, especialment en l&#8217;\u00e0mbit de l&#8217;autoconsum i en el desenvolupament i l&#8217;assessorament legal per a instal\u00b7lacions fotovoltaiques, comunitats solars i projectes relacionats amb la transici\u00f3 energ\u00e8tica. <\/span><\/p>\t\t\t\t\t\t\t\t<\/div>\n\t\t\t\t<\/div>\n\t\t\t\t\t<\/div>\n\t\t\t\t<\/div>\n\t\t\t\t<\/div>\n\t\t<div class=\"elementor-element elementor-element-3df266e e-con-full e-flex e-con e-child\" data-id=\"3df266e\" data-element_type=\"container\" data-e-type=\"container\">\n\t\t<div class=\"elementor-element elementor-element-48eccca e-con-full e-flex e-con e-child\" data-id=\"48eccca\" data-element_type=\"container\" data-e-type=\"container\">\n\t\t\t\t<div class=\"elementor-element elementor-element-e0c1132 elementor-widget elementor-widget-image\" data-id=\"e0c1132\" data-element_type=\"widget\" data-e-type=\"widget\" data-widget_type=\"image.default\">\n\t\t\t\t<div class=\"elementor-widget-container\">\n\t\t\t\t\t\t\t\t\t\t\t\t\t\t\t<img loading=\"lazy\" decoding=\"async\" width=\"800\" height=\"800\" src=\"https:\/\/samso.eco\/wp-content\/uploads\/2025\/10\/5566-2025-ByN-Red-1024x1024.png\" class=\"attachment-large size-large wp-image-2919\" alt=\"\" srcset=\"https:\/\/samso.eco\/wp-content\/uploads\/2025\/10\/5566-2025-ByN-Red-1024x1024.png 1024w, https:\/\/samso.eco\/wp-content\/uploads\/2025\/10\/5566-2025-ByN-Red-300x300.png 300w, https:\/\/samso.eco\/wp-content\/uploads\/2025\/10\/5566-2025-ByN-Red-150x150.png 150w, https:\/\/samso.eco\/wp-content\/uploads\/2025\/10\/5566-2025-ByN-Red-768x768.png 768w, https:\/\/samso.eco\/wp-content\/uploads\/2025\/10\/5566-2025-ByN-Red.png 1280w\" sizes=\"(max-width: 800px) 100vw, 800px\" \/>\t\t\t\t\t\t\t\t\t\t\t\t\t\t\t<\/div>\n\t\t\t\t<\/div>\n\t\t\t\t<\/div>\n\t\t<div class=\"elementor-element elementor-element-d55ca4f e-flex e-con-boxed e-con e-child\" data-id=\"d55ca4f\" data-element_type=\"container\" data-e-type=\"container\">\n\t\t\t\t\t<div class=\"e-con-inner\">\n\t\t\t\t<div class=\"elementor-element elementor-element-e27e5fa elementor-widget elementor-widget-heading\" data-id=\"e27e5fa\" data-element_type=\"widget\" data-e-type=\"widget\" data-widget_type=\"heading.default\">\n\t\t\t\t<div class=\"elementor-widget-container\">\n\t\t\t\t\t<h2 class=\"elementor-heading-title elementor-size-default\">TANIA RIVER\u00d8<\/h2>\t\t\t\t<\/div>\n\t\t\t\t<\/div>\n\t\t\t\t<div class=\"elementor-element elementor-element-c75949e elementor-align-start elementor-icon-list--layout-traditional elementor-list-item-link-full_width elementor-widget elementor-widget-icon-list\" data-id=\"c75949e\" data-element_type=\"widget\" data-e-type=\"widget\" data-widget_type=\"icon-list.default\">\n\t\t\t\t<div class=\"elementor-widget-container\">\n\t\t\t\t\t\t\t<ul class=\"elementor-icon-list-items\">\n\t\t\t\t\t\t\t<li class=\"elementor-icon-list-item\">\n\t\t\t\t\t\t\t\t\t\t\t<a href=\"https:\/\/www.linkedin.com\/in\/tania-rivero-arranz-b29114149\/\" target=\"_blank\">\n\n\t\t\t\t\t\t\t\t\t\t\t\t<span class=\"elementor-icon-list-icon\">\n\t\t\t\t\t\t\t<svg xmlns=\"http:\/\/www.w3.org\/2000\/svg\" xmlns:xlink=\"http:\/\/www.w3.org\/1999\/xlink\" id=\"Capa_1\" x=\"0px\" y=\"0px\" viewBox=\"0 0 50 50\" style=\"enable-background:new 0 0 50 50;\" xml:space=\"preserve\"><style type=\"text\/css\">\t.st0{fill:#A8BCAF;}<\/style><g>\t<path class=\"st0\" d=\"M37.9,44.1H12.1c-3.4,0-6.2-2.8-6.2-6.2V12.1c0-3.4,2.8-6.2,6.2-6.2h25.7c3.4,0,6.2,2.8,6.2,6.2v25.7  C44.1,41.3,41.3,44.1,37.9,44.1z M12.1,8C9.8,8,8,9.8,8,12.1v25.7c0,2.3,1.9,4.2,4.2,4.2h25.7c2.3,0,4.2-1.9,4.2-4.2V12.1  C42,9.8,40.2,8,37.9,8H12.1z\"><\/path>\t<g>\t\t<path class=\"st0\" d=\"M19.8,34.2h-4.4V21h4.4V34.2z M17.6,19.2L17.6,19.2c-1.5,0-2.5-1-2.5-2.3c0-1.3,1-2.3,2.5-2.3s2.4,1,2.5,2.3   C20,18.2,19.1,19.2,17.6,19.2z M35.6,34.2h-4.4v-7.1c0-1.8-0.6-3-2.2-3c-1.2,0-1.9,0.8-2.3,1.6c-0.1,0.3-0.1,0.7-0.1,1.1v7.4h-4.4   c0,0,0.1-12,0-13.2h4.4v1.9c0.6-0.9,1.6-2.2,4-2.2c2.9,0,5.1,1.9,5.1,5.9V34.2z\"><\/path>\t<\/g><\/g><\/svg>\t\t\t\t\t\t<\/span>\n\t\t\t\t\t\t\t\t\t\t<span class=\"elementor-icon-list-text\">C\u00d8NNECTA AMB MI<\/span>\n\t\t\t\t\t\t\t\t\t\t\t<\/a>\n\t\t\t\t\t\t\t\t\t<\/li>\n\t\t\t\t\t\t<\/ul>\n\t\t\t\t\t\t<\/div>\n\t\t\t\t<\/div>\n\t\t\t\t<div class=\"elementor-element elementor-element-ad9b4d1 elementor-widget elementor-widget-menu-anchor\" data-id=\"ad9b4d1\" data-element_type=\"widget\" data-e-type=\"widget\" data-widget_type=\"menu-anchor.default\">\n\t\t\t\t<div class=\"elementor-widget-container\">\n\t\t\t\t\t\t\t<div class=\"elementor-menu-anchor\" id=\"daniela-castro\"><\/div>\n\t\t\t\t\t\t<\/div>\n\t\t\t\t<\/div>\n\t\t\t\t<div class=\"elementor-element elementor-element-6804160 elementor-widget elementor-widget-text-editor\" data-id=\"6804160\" data-element_type=\"widget\" data-e-type=\"widget\" data-widget_type=\"text-editor.default\">\n\t\t\t\t<div class=\"elementor-widget-container\">\n\t\t\t\t\t\t\t\t\t<p>Tania \u00e9s graduada en direcci\u00f3 comercial i m\u00e0rqueting per CESMA Escola de Negocis. Compte amb 4 anys d&#8217;experi\u00e8ncia treballant en la posada en marxa de l&#8217;autoconsum col\u00b7lectiu La Pablo Renovable, barri solar m\u00e9s gran d&#8217;Europa i Premi Solar Europeu 2025, entre d&#8217;altres.<br>La seva dedicaci\u00f3 i empatia fa que el tracte amb els ciutadans sigui proper, ajudant-los a tirar endavant els projectes energ\u00e8tics. Actualment treballa a l&#8217;organitzaci\u00f3 de comunitats energ\u00e8tiques i projectes amb persones en vulnerabilitat energ\u00e8tica.  <\/p>\t\t\t\t\t\t\t\t<\/div>\n\t\t\t\t<\/div>\n\t\t\t\t\t<\/div>\n\t\t\t\t<\/div>\n\t\t\t\t<\/div>\n\t\t<div class=\"elementor-element elementor-element-d2c7e3e e-con-full e-flex e-con e-child\" data-id=\"d2c7e3e\" data-element_type=\"container\" data-e-type=\"container\">\n\t\t<div class=\"elementor-element elementor-element-19792d0 e-con-full e-flex e-con e-child\" data-id=\"19792d0\" data-element_type=\"container\" data-e-type=\"container\">\n\t\t\t\t<div class=\"elementor-element elementor-element-dbbc662 elementor-widget elementor-widget-image\" data-id=\"dbbc662\" data-element_type=\"widget\" data-e-type=\"widget\" data-widget_type=\"image.default\">\n\t\t\t\t<div class=\"elementor-widget-container\">\n\t\t\t\t\t\t\t\t\t\t\t\t\t\t\t<img loading=\"lazy\" decoding=\"async\" width=\"2535\" height=\"2560\" src=\"https:\/\/samso.eco\/wp-content\/uploads\/2025\/10\/foto-daniela-1-scaled.png\" class=\"attachment-full size-full wp-image-2935\" alt=\"\" srcset=\"https:\/\/samso.eco\/wp-content\/uploads\/2025\/10\/foto-daniela-1-scaled.png 2535w, https:\/\/samso.eco\/wp-content\/uploads\/2025\/10\/foto-daniela-1-297x300.png 297w, https:\/\/samso.eco\/wp-content\/uploads\/2025\/10\/foto-daniela-1-1014x1024.png 1014w, https:\/\/samso.eco\/wp-content\/uploads\/2025\/10\/foto-daniela-1-150x150.png 150w, https:\/\/samso.eco\/wp-content\/uploads\/2025\/10\/foto-daniela-1-768x775.png 768w, https:\/\/samso.eco\/wp-content\/uploads\/2025\/10\/foto-daniela-1-1521x1536.png 1521w, https:\/\/samso.eco\/wp-content\/uploads\/2025\/10\/foto-daniela-1-2028x2048.png 2028w\" sizes=\"(max-width: 2535px) 100vw, 2535px\" \/>\t\t\t\t\t\t\t\t\t\t\t\t\t\t\t<\/div>\n\t\t\t\t<\/div>\n\t\t\t\t<\/div>\n\t\t<div class=\"elementor-element elementor-element-23b8d1c e-flex e-con-boxed e-con e-child\" data-id=\"23b8d1c\" data-element_type=\"container\" data-e-type=\"container\">\n\t\t\t\t\t<div class=\"e-con-inner\">\n\t\t\t\t<div class=\"elementor-element elementor-element-4ac65d6 elementor-widget elementor-widget-heading\" data-id=\"4ac65d6\" data-element_type=\"widget\" data-e-type=\"widget\" data-widget_type=\"heading.default\">\n\t\t\t\t<div class=\"elementor-widget-container\">\n\t\t\t\t\t<h2 class=\"elementor-heading-title elementor-size-default\">DANIELA CASTR\u00d8<\/h2>\t\t\t\t<\/div>\n\t\t\t\t<\/div>\n\t\t\t\t<div class=\"elementor-element elementor-element-77661c3 elementor-align-start elementor-icon-list--layout-traditional elementor-list-item-link-full_width elementor-widget elementor-widget-icon-list\" data-id=\"77661c3\" data-element_type=\"widget\" data-e-type=\"widget\" data-widget_type=\"icon-list.default\">\n\t\t\t\t<div class=\"elementor-widget-container\">\n\t\t\t\t\t\t\t<ul class=\"elementor-icon-list-items\">\n\t\t\t\t\t\t\t<li class=\"elementor-icon-list-item\">\n\t\t\t\t\t\t\t\t\t\t\t<a href=\"https:\/\/www.linkedin.com\/in\/daniela-castro-moreno-23150a4b\" target=\"_blank\">\n\n\t\t\t\t\t\t\t\t\t\t\t\t<span class=\"elementor-icon-list-icon\">\n\t\t\t\t\t\t\t<svg xmlns=\"http:\/\/www.w3.org\/2000\/svg\" xmlns:xlink=\"http:\/\/www.w3.org\/1999\/xlink\" id=\"Capa_1\" x=\"0px\" y=\"0px\" viewBox=\"0 0 50 50\" style=\"enable-background:new 0 0 50 50;\" xml:space=\"preserve\"><style type=\"text\/css\">\t.st0{fill:#A8BCAF;}<\/style><g>\t<path class=\"st0\" d=\"M37.9,44.1H12.1c-3.4,0-6.2-2.8-6.2-6.2V12.1c0-3.4,2.8-6.2,6.2-6.2h25.7c3.4,0,6.2,2.8,6.2,6.2v25.7  C44.1,41.3,41.3,44.1,37.9,44.1z M12.1,8C9.8,8,8,9.8,8,12.1v25.7c0,2.3,1.9,4.2,4.2,4.2h25.7c2.3,0,4.2-1.9,4.2-4.2V12.1  C42,9.8,40.2,8,37.9,8H12.1z\"><\/path>\t<g>\t\t<path class=\"st0\" d=\"M19.8,34.2h-4.4V21h4.4V34.2z M17.6,19.2L17.6,19.2c-1.5,0-2.5-1-2.5-2.3c0-1.3,1-2.3,2.5-2.3s2.4,1,2.5,2.3   C20,18.2,19.1,19.2,17.6,19.2z M35.6,34.2h-4.4v-7.1c0-1.8-0.6-3-2.2-3c-1.2,0-1.9,0.8-2.3,1.6c-0.1,0.3-0.1,0.7-0.1,1.1v7.4h-4.4   c0,0,0.1-12,0-13.2h4.4v1.9c0.6-0.9,1.6-2.2,4-2.2c2.9,0,5.1,1.9,5.1,5.9V34.2z\"><\/path>\t<\/g><\/g><\/svg>\t\t\t\t\t\t<\/span>\n\t\t\t\t\t\t\t\t\t\t<span class=\"elementor-icon-list-text\">C\u00d8NNECTA AMB MI<\/span>\n\t\t\t\t\t\t\t\t\t\t\t<\/a>\n\t\t\t\t\t\t\t\t\t<\/li>\n\t\t\t\t\t\t<\/ul>\n\t\t\t\t\t\t<\/div>\n\t\t\t\t<\/div>\n\t\t\t\t<div class=\"elementor-element elementor-element-e1ae0bb elementor-widget elementor-widget-menu-anchor\" data-id=\"e1ae0bb\" data-element_type=\"widget\" data-e-type=\"widget\" data-widget_type=\"menu-anchor.default\">\n\t\t\t\t<div class=\"elementor-widget-container\">\n\t\t\t\t\t\t\t<div class=\"elementor-menu-anchor\" id=\"pol-herrero\"><\/div>\n\t\t\t\t\t\t<\/div>\n\t\t\t\t<\/div>\n\t\t\t\t<div class=\"elementor-element elementor-element-41021ba elementor-widget elementor-widget-text-editor\" data-id=\"41021ba\" data-element_type=\"widget\" data-e-type=\"widget\" data-widget_type=\"text-editor.default\">\n\t\t\t\t<div class=\"elementor-widget-container\">\n\t\t\t\t\t\t\t\t\t<p>Advocada amb m\u00e9s de nou anys d&#8217;experi\u00e8ncia al sector p\u00fablic i privat en \u00e0mbits relacionats amb l&#8217;energia el\u00e8ctrica, la mineria, la infraestructura vi\u00e0ria, el medi ambient, la contractaci\u00f3 estatal, les pol\u00edtiques p\u00fabliques, el govern corporatiu i el patrimoni cultural i natural. Graduada en Dret, amb un postgrau en Dret del Medi Ambient i un m\u00e0ster en Regulaci\u00f3 Minera, Petrolera i Energ\u00e8tica per la Universitat Externat de Col\u00f2mbia, aix\u00ed com dos postgraus per la Universitat de Barcelona: un en Gesti\u00f3 Ambiental a l&#8217;Empresa i Administraci\u00f3 P\u00fablica: Recursos, Comunicaci\u00f3 i Canvi, i un altre en An\u00e0lisi i Intervenci\u00f3 Socioambiente. Ha treballat a la Direcci\u00f3 d&#8217;Energia El\u00e8ctrica del Ministeri de Mines i Energia, donant suport jur\u00eddic als seus cinc grups de treball. La seva formaci\u00f3 i experi\u00e8ncia aporten una visi\u00f3 integral per al desenvolupament de pol\u00edtiques i projectes sostenibles al sector energ\u00e8tic i ambiental, amb una comprensi\u00f3 profunda dels marcs reguladors i institucionals que en defineixen la gesti\u00f3.   <\/p>\t\t\t\t\t\t\t\t<\/div>\n\t\t\t\t<\/div>\n\t\t\t\t\t<\/div>\n\t\t\t\t<\/div>\n\t\t\t\t<\/div>\n\t\t<div class=\"elementor-element elementor-element-af44e88 e-con-full e-flex e-con e-child\" data-id=\"af44e88\" data-element_type=\"container\" data-e-type=\"container\">\n\t\t<div class=\"elementor-element elementor-element-871a227 e-con-full e-flex e-con e-child\" data-id=\"871a227\" data-element_type=\"container\" data-e-type=\"container\">\n\t\t\t\t<div class=\"elementor-element elementor-element-7f73a08 elementor-widget elementor-widget-image\" data-id=\"7f73a08\" data-element_type=\"widget\" data-e-type=\"widget\" data-widget_type=\"image.default\">\n\t\t\t\t<div class=\"elementor-widget-container\">\n\t\t\t\t\t\t\t\t\t\t\t\t\t\t\t<img loading=\"lazy\" decoding=\"async\" width=\"2560\" height=\"2431\" src=\"https:\/\/samso.eco\/wp-content\/uploads\/2026\/03\/Pol-Herrero-Samso-scaled.png\" class=\"attachment-full size-full wp-image-3782\" alt=\"\" srcset=\"https:\/\/samso.eco\/wp-content\/uploads\/2026\/03\/Pol-Herrero-Samso-scaled.png 2560w, https:\/\/samso.eco\/wp-content\/uploads\/2026\/03\/Pol-Herrero-Samso-300x285.png 300w, https:\/\/samso.eco\/wp-content\/uploads\/2026\/03\/Pol-Herrero-Samso-1024x972.png 1024w, https:\/\/samso.eco\/wp-content\/uploads\/2026\/03\/Pol-Herrero-Samso-150x142.png 150w, https:\/\/samso.eco\/wp-content\/uploads\/2026\/03\/Pol-Herrero-Samso-768x729.png 768w, https:\/\/samso.eco\/wp-content\/uploads\/2026\/03\/Pol-Herrero-Samso-1536x1459.png 1536w, https:\/\/samso.eco\/wp-content\/uploads\/2026\/03\/Pol-Herrero-Samso-2048x1945.png 2048w\" sizes=\"(max-width: 2560px) 100vw, 2560px\" \/>\t\t\t\t\t\t\t\t\t\t\t\t\t\t\t<\/div>\n\t\t\t\t<\/div>\n\t\t\t\t<\/div>\n\t\t<div class=\"elementor-element elementor-element-1aecb5b e-flex e-con-boxed e-con e-child\" data-id=\"1aecb5b\" data-element_type=\"container\" data-e-type=\"container\">\n\t\t\t\t\t<div class=\"e-con-inner\">\n\t\t\t\t<div class=\"elementor-element elementor-element-1199e28 elementor-widget elementor-widget-heading\" data-id=\"1199e28\" data-element_type=\"widget\" data-e-type=\"widget\" data-widget_type=\"heading.default\">\n\t\t\t\t<div class=\"elementor-widget-container\">\n\t\t\t\t\t<h2 class=\"elementor-heading-title elementor-size-default\">P\u00d8L HERRER\u00d8<br><\/h2>\t\t\t\t<\/div>\n\t\t\t\t<\/div>\n\t\t\t\t<div class=\"elementor-element elementor-element-a175b25 elementor-align-start elementor-icon-list--layout-traditional elementor-list-item-link-full_width elementor-widget elementor-widget-icon-list\" data-id=\"a175b25\" data-element_type=\"widget\" data-e-type=\"widget\" data-widget_type=\"icon-list.default\">\n\t\t\t\t<div class=\"elementor-widget-container\">\n\t\t\t\t\t\t\t<ul class=\"elementor-icon-list-items\">\n\t\t\t\t\t\t\t<li class=\"elementor-icon-list-item\">\n\t\t\t\t\t\t\t\t\t\t\t<a href=\"https:\/\/www.linkedin.com\/in\/pol-herrero\/\" target=\"_blank\">\n\n\t\t\t\t\t\t\t\t\t\t\t\t<span class=\"elementor-icon-list-icon\">\n\t\t\t\t\t\t\t<svg xmlns=\"http:\/\/www.w3.org\/2000\/svg\" xmlns:xlink=\"http:\/\/www.w3.org\/1999\/xlink\" id=\"Capa_1\" x=\"0px\" y=\"0px\" viewBox=\"0 0 50 50\" style=\"enable-background:new 0 0 50 50;\" xml:space=\"preserve\"><style type=\"text\/css\">\t.st0{fill:#A8BCAF;}<\/style><g>\t<path class=\"st0\" d=\"M37.9,44.1H12.1c-3.4,0-6.2-2.8-6.2-6.2V12.1c0-3.4,2.8-6.2,6.2-6.2h25.7c3.4,0,6.2,2.8,6.2,6.2v25.7  C44.1,41.3,41.3,44.1,37.9,44.1z M12.1,8C9.8,8,8,9.8,8,12.1v25.7c0,2.3,1.9,4.2,4.2,4.2h25.7c2.3,0,4.2-1.9,4.2-4.2V12.1  C42,9.8,40.2,8,37.9,8H12.1z\"><\/path>\t<g>\t\t<path class=\"st0\" d=\"M19.8,34.2h-4.4V21h4.4V34.2z M17.6,19.2L17.6,19.2c-1.5,0-2.5-1-2.5-2.3c0-1.3,1-2.3,2.5-2.3s2.4,1,2.5,2.3   C20,18.2,19.1,19.2,17.6,19.2z M35.6,34.2h-4.4v-7.1c0-1.8-0.6-3-2.2-3c-1.2,0-1.9,0.8-2.3,1.6c-0.1,0.3-0.1,0.7-0.1,1.1v7.4h-4.4   c0,0,0.1-12,0-13.2h4.4v1.9c0.6-0.9,1.6-2.2,4-2.2c2.9,0,5.1,1.9,5.1,5.9V34.2z\"><\/path>\t<\/g><\/g><\/svg>\t\t\t\t\t\t<\/span>\n\t\t\t\t\t\t\t\t\t\t<span class=\"elementor-icon-list-text\">C\u00d8NNECTA AMB MI<\/span>\n\t\t\t\t\t\t\t\t\t\t\t<\/a>\n\t\t\t\t\t\t\t\t\t<\/li>\n\t\t\t\t\t\t<\/ul>\n\t\t\t\t\t\t<\/div>\n\t\t\t\t<\/div>\n\t\t\t\t<div class=\"elementor-element elementor-element-e6d0fe6 elementor-widget elementor-widget-menu-anchor\" data-id=\"e6d0fe6\" data-element_type=\"widget\" data-e-type=\"widget\" data-widget_type=\"menu-anchor.default\">\n\t\t\t\t<div class=\"elementor-widget-container\">\n\t\t\t\t\t\t\t<div class=\"elementor-menu-anchor\" id=\"cristina-monge\"><\/div>\n\t\t\t\t\t\t<\/div>\n\t\t\t\t<\/div>\n\t\t\t\t<div class=\"elementor-element elementor-element-dd2cbee elementor-widget elementor-widget-text-editor\" data-id=\"dd2cbee\" data-element_type=\"widget\" data-e-type=\"widget\" data-widget_type=\"text-editor.default\">\n\t\t\t\t<div class=\"elementor-widget-container\">\n\t\t\t\t\t\t\t\t\t<p>Graduat en Enginyeria de l\u2019Energia i col\u00b7legiat al CETIB, aquest professional compta amb experi\u00e8ncia en el desenvolupament d\u2019enginyeria i la gesti\u00f3 d\u2019instal\u00b7lacions d\u2019energia fotovoltaica. Al llarg de la seva traject\u00f2ria professional ha participat en diferents fases del proc\u00e9s t\u00e8cnic, des de l\u2019elaboraci\u00f3 de documentaci\u00f3 t\u00e8cnica fins al proc\u00e9s d\u2019enginyeria d\u2019instal\u00b7lacions d\u2019autoconsum<br>en sistemes de car\u00e0cter residencial i industrial.<br>Tamb\u00e9 disposa d\u2019experi\u00e8ncia en els processos de tramitaci\u00f3 i legalitzaci\u00f3 d\u2019instal\u00b7lacions energ\u00e8tiques, aix\u00ed com en el seguiment t\u00e8cnic per assegurar el compliment de la normativa vigent. Paral\u00b7lelament, ha desenvolupat tasques de control de qualitat en plantes fotovoltaiques mitjan\u00e7ant visites t\u00e8cniques a camp, verificant la correcta execuci\u00f3 de les instal\u00b7lacions.<br>La seva traject\u00f2ria li ha perm\u00e8s afrontar diversos reptes t\u00e8cnics i administratius vinculats al sector energ\u00e8tic, adquirint una visi\u00f3 global del desenvolupament i la implementaci\u00f3 d\u2019instal\u00b7lacions i aportant rigor t\u00e8cnic en totes les fases d\u2019enginyeria.  <\/p>\t\t\t\t\t\t\t\t<\/div>\n\t\t\t\t<\/div>\n\t\t\t\t\t<\/div>\n\t\t\t\t<\/div>\n\t\t\t\t<\/div>\n\t\t\t\t\t<\/div>\n\t\t\t\t<\/div>\n\t\t<div class=\"elementor-element elementor-element-2d42403 e-flex e-con-boxed e-con e-parent\" data-id=\"2d42403\" data-element_type=\"container\" data-e-type=\"container\" data-settings=\"{&quot;background_background&quot;:&quot;classic&quot;}\">\n\t\t\t\t\t<div class=\"e-con-inner\">\n\t\t\t\t<div class=\"elementor-element elementor-element-70b5189 elementor-widget elementor-widget-heading\" data-id=\"70b5189\" data-element_type=\"widget\" data-e-type=\"widget\" data-widget_type=\"heading.default\">\n\t\t\t\t<div class=\"elementor-widget-container\">\n\t\t\t\t\t<h2 class=\"elementor-heading-title elementor-size-default\">S\u00d2CIA I C\u00d8L\u00b7LABORADORA<\/h2>\t\t\t\t<\/div>\n\t\t\t\t<\/div>\n\t\t<div class=\"elementor-element elementor-element-c15ef8f e-con-full e-flex e-con e-child\" data-id=\"c15ef8f\" data-element_type=\"container\" data-e-type=\"container\">\n\t\t<div class=\"elementor-element elementor-element-c789375 e-con-full e-flex e-con e-child\" data-id=\"c789375\" data-element_type=\"container\" data-e-type=\"container\">\n\t\t\t\t<div class=\"elementor-element elementor-element-0054409 elementor-widget elementor-widget-image\" data-id=\"0054409\" data-element_type=\"widget\" data-e-type=\"widget\" data-widget_type=\"image.default\">\n\t\t\t\t<div class=\"elementor-widget-container\">\n\t\t\t\t\t\t\t\t\t\t\t\t\t\t\t<img loading=\"lazy\" decoding=\"async\" width=\"700\" height=\"700\" src=\"https:\/\/samso.eco\/wp-content\/uploads\/2024\/03\/cristina-monge-samso.png\" class=\"attachment-full size-full wp-image-714\" alt=\"\" srcset=\"https:\/\/samso.eco\/wp-content\/uploads\/2024\/03\/cristina-monge-samso.png 700w, https:\/\/samso.eco\/wp-content\/uploads\/2024\/03\/cristina-monge-samso-300x300.png 300w, https:\/\/samso.eco\/wp-content\/uploads\/2024\/03\/cristina-monge-samso-150x150.png 150w\" sizes=\"(max-width: 700px) 100vw, 700px\" \/>\t\t\t\t\t\t\t\t\t\t\t\t\t\t\t<\/div>\n\t\t\t\t<\/div>\n\t\t\t\t<\/div>\n\t\t<div class=\"elementor-element elementor-element-732eeaf e-flex e-con-boxed e-con e-child\" data-id=\"732eeaf\" data-element_type=\"container\" data-e-type=\"container\">\n\t\t\t\t\t<div class=\"e-con-inner\">\n\t\t\t\t<div class=\"elementor-element elementor-element-91751a5 elementor-widget elementor-widget-heading\" data-id=\"91751a5\" data-element_type=\"widget\" data-e-type=\"widget\" data-widget_type=\"heading.default\">\n\t\t\t\t<div class=\"elementor-widget-container\">\n\t\t\t\t\t<h2 class=\"elementor-heading-title elementor-size-default\">CRISTINA M\u00d8NGE<\/h2>\t\t\t\t<\/div>\n\t\t\t\t<\/div>\n\t\t\t\t<div class=\"elementor-element elementor-element-a59abc8 elementor-align-start elementor-icon-list--layout-traditional elementor-list-item-link-full_width elementor-widget elementor-widget-icon-list\" data-id=\"a59abc8\" data-element_type=\"widget\" data-e-type=\"widget\" data-widget_type=\"icon-list.default\">\n\t\t\t\t<div class=\"elementor-widget-container\">\n\t\t\t\t\t\t\t<ul class=\"elementor-icon-list-items\">\n\t\t\t\t\t\t\t<li class=\"elementor-icon-list-item\">\n\t\t\t\t\t\t\t\t\t\t\t<a href=\"https:\/\/www.linkedin.com\/in\/cristina-monge-3328b310\/\" target=\"_blank\">\n\n\t\t\t\t\t\t\t\t\t\t\t\t<span class=\"elementor-icon-list-icon\">\n\t\t\t\t\t\t\t<svg xmlns=\"http:\/\/www.w3.org\/2000\/svg\" xmlns:xlink=\"http:\/\/www.w3.org\/1999\/xlink\" id=\"Capa_1\" x=\"0px\" y=\"0px\" viewBox=\"0 0 50 50\" style=\"enable-background:new 0 0 50 50;\" xml:space=\"preserve\"><style type=\"text\/css\">\t.st0{fill:#A8BCAF;}<\/style><g>\t<path class=\"st0\" d=\"M37.9,44.1H12.1c-3.4,0-6.2-2.8-6.2-6.2V12.1c0-3.4,2.8-6.2,6.2-6.2h25.7c3.4,0,6.2,2.8,6.2,6.2v25.7  C44.1,41.3,41.3,44.1,37.9,44.1z M12.1,8C9.8,8,8,9.8,8,12.1v25.7c0,2.3,1.9,4.2,4.2,4.2h25.7c2.3,0,4.2-1.9,4.2-4.2V12.1  C42,9.8,40.2,8,37.9,8H12.1z\"><\/path>\t<g>\t\t<path class=\"st0\" d=\"M19.8,34.2h-4.4V21h4.4V34.2z M17.6,19.2L17.6,19.2c-1.5,0-2.5-1-2.5-2.3c0-1.3,1-2.3,2.5-2.3s2.4,1,2.5,2.3   C20,18.2,19.1,19.2,17.6,19.2z M35.6,34.2h-4.4v-7.1c0-1.8-0.6-3-2.2-3c-1.2,0-1.9,0.8-2.3,1.6c-0.1,0.3-0.1,0.7-0.1,1.1v7.4h-4.4   c0,0,0.1-12,0-13.2h4.4v1.9c0.6-0.9,1.6-2.2,4-2.2c2.9,0,5.1,1.9,5.1,5.9V34.2z\"><\/path>\t<\/g><\/g><\/svg>\t\t\t\t\t\t<\/span>\n\t\t\t\t\t\t\t\t\t\t<span class=\"elementor-icon-list-text\">C\u00d8NNECTA AMB MI<\/span>\n\t\t\t\t\t\t\t\t\t\t\t<\/a>\n\t\t\t\t\t\t\t\t\t<\/li>\n\t\t\t\t\t\t<\/ul>\n\t\t\t\t\t\t<\/div>\n\t\t\t\t<\/div>\n\t\t\t\t<div class=\"elementor-element elementor-element-6b66847 elementor-widget elementor-widget-menu-anchor\" data-id=\"6b66847\" data-element_type=\"widget\" data-e-type=\"widget\" data-widget_type=\"menu-anchor.default\">\n\t\t\t\t<div class=\"elementor-widget-container\">\n\t\t\t\t\t\t\t<div class=\"elementor-menu-anchor\" id=\"david-ribo\"><\/div>\n\t\t\t\t\t\t<\/div>\n\t\t\t\t<\/div>\n\t\t\t\t<div class=\"elementor-element elementor-element-d7b50ca elementor-widget elementor-widget-text-editor\" data-id=\"d7b50ca\" data-element_type=\"widget\" data-e-type=\"widget\" data-widget_type=\"text-editor.default\">\n\t\t\t\t<div class=\"elementor-widget-container\">\n\t\t\t\t\t\t\t\t\t<p>Polit\u00f2loga i doctora per la Universitat de Saragossa, on imparteix classes de sociologia. Les seves \u00e0rees d\u2019inter\u00e8s s\u00f3n la sostenibilitat i la qualitat democr\u00e0tica, i especialment la governan\u00e7a per a la transici\u00f3 ecol\u00f2gica, assumptes que treballa en centres de recerca com Globernance, el BC3 i el itdUPM i en el patronat de Ecodes.<\/p><p>\u00c9s analista pol\u00edtica en El Pa\u00eds, Cadena SER, RTVE, Infolibre i el Green European Journal, forma part del consell assessor de Llorente y Cuenca i de la revista Ethic i forma part del patronat de Fundesplai. Des de 2018 participa en el F\u00f2rum de Govern Obert i des de 2019 en el Consell Assessor de Cooperaci\u00f3 al Desenvolupament.  \u00c9s coeditora de la col\u00b7lecci\u00f3 M\u00e9s Cultura Pol\u00edtica, M\u00e9s Democr\u00e0cia, en col\u00b7laboraci\u00f3 amb Gedisa i presideix l\u2019Associaci\u00f3 \u00abM\u00e1s Democracia\u00bb.<\/p>\t\t\t\t\t\t\t\t<\/div>\n\t\t\t\t<\/div>\n\t\t\t\t\t<\/div>\n\t\t\t\t<\/div>\n\t\t\t\t<\/div>\n\t\t\t\t\t<\/div>\n\t\t\t\t<\/div>\n\t\t<div class=\"elementor-element elementor-element-1a81215 e-flex e-con-boxed e-con e-parent\" data-id=\"1a81215\" data-element_type=\"container\" data-e-type=\"container\" data-settings=\"{&quot;background_background&quot;:&quot;classic&quot;}\">\n\t\t\t\t\t<div class=\"e-con-inner\">\n\t\t\t\t<div class=\"elementor-element elementor-element-f93411c elementor-widget elementor-widget-heading\" data-id=\"f93411c\" data-element_type=\"widget\" data-e-type=\"widget\" data-widget_type=\"heading.default\">\n\t\t\t\t<div class=\"elementor-widget-container\">\n\t\t\t\t\t<h2 class=\"elementor-heading-title elementor-size-default\">COL\u00b7LABORADORS<\/h2>\t\t\t\t<\/div>\n\t\t\t\t<\/div>\n\t\t<div class=\"elementor-element elementor-element-9588b58 e-con-full e-flex e-con e-child\" data-id=\"9588b58\" data-element_type=\"container\" data-e-type=\"container\">\n\t\t<div class=\"elementor-element elementor-element-07e1818 e-con-full e-flex e-con e-child\" data-id=\"07e1818\" data-element_type=\"container\" data-e-type=\"container\">\n\t\t\t\t<div class=\"elementor-element elementor-element-a1d7a08 elementor-widget elementor-widget-image\" data-id=\"a1d7a08\" data-element_type=\"widget\" data-e-type=\"widget\" data-widget_type=\"image.default\">\n\t\t\t\t<div class=\"elementor-widget-container\">\n\t\t\t\t\t\t\t\t\t\t\t\t\t\t\t<img loading=\"lazy\" decoding=\"async\" width=\"500\" height=\"500\" src=\"https:\/\/samso.eco\/wp-content\/uploads\/2024\/03\/David-Ribo-samso.png\" class=\"attachment-large size-large wp-image-716\" alt=\"\" srcset=\"https:\/\/samso.eco\/wp-content\/uploads\/2024\/03\/David-Ribo-samso.png 500w, https:\/\/samso.eco\/wp-content\/uploads\/2024\/03\/David-Ribo-samso-300x300.png 300w, https:\/\/samso.eco\/wp-content\/uploads\/2024\/03\/David-Ribo-samso-150x150.png 150w\" sizes=\"(max-width: 500px) 100vw, 500px\" \/>\t\t\t\t\t\t\t\t\t\t\t\t\t\t\t<\/div>\n\t\t\t\t<\/div>\n\t\t\t\t<\/div>\n\t\t<div class=\"elementor-element elementor-element-d1a557e e-flex e-con-boxed e-con e-child\" data-id=\"d1a557e\" data-element_type=\"container\" data-e-type=\"container\">\n\t\t\t\t\t<div class=\"e-con-inner\">\n\t\t\t\t<div class=\"elementor-element elementor-element-10925bc elementor-widget elementor-widget-heading\" data-id=\"10925bc\" data-element_type=\"widget\" data-e-type=\"widget\" data-widget_type=\"heading.default\">\n\t\t\t\t<div class=\"elementor-widget-container\">\n\t\t\t\t\t<h2 class=\"elementor-heading-title elementor-size-default\">DAVID RIB\u00d3 P\u00c9REZ<\/h2>\t\t\t\t<\/div>\n\t\t\t\t<\/div>\n\t\t\t\t<div class=\"elementor-element elementor-element-a1587ac elementor-align-start elementor-icon-list--layout-traditional elementor-list-item-link-full_width elementor-widget elementor-widget-icon-list\" data-id=\"a1587ac\" data-element_type=\"widget\" data-e-type=\"widget\" data-widget_type=\"icon-list.default\">\n\t\t\t\t<div class=\"elementor-widget-container\">\n\t\t\t\t\t\t\t<ul class=\"elementor-icon-list-items\">\n\t\t\t\t\t\t\t<li class=\"elementor-icon-list-item\">\n\t\t\t\t\t\t\t\t\t\t\t<a href=\"https:\/\/www.linkedin.com\/in\/dribo\/\" target=\"_blank\">\n\n\t\t\t\t\t\t\t\t\t\t\t\t<span class=\"elementor-icon-list-icon\">\n\t\t\t\t\t\t\t<svg xmlns=\"http:\/\/www.w3.org\/2000\/svg\" xmlns:xlink=\"http:\/\/www.w3.org\/1999\/xlink\" id=\"Capa_1\" x=\"0px\" y=\"0px\" viewBox=\"0 0 50 50\" style=\"enable-background:new 0 0 50 50;\" xml:space=\"preserve\"><style type=\"text\/css\">\t.st0{fill:#A8BCAF;}<\/style><g>\t<path class=\"st0\" d=\"M37.9,44.1H12.1c-3.4,0-6.2-2.8-6.2-6.2V12.1c0-3.4,2.8-6.2,6.2-6.2h25.7c3.4,0,6.2,2.8,6.2,6.2v25.7  C44.1,41.3,41.3,44.1,37.9,44.1z M12.1,8C9.8,8,8,9.8,8,12.1v25.7c0,2.3,1.9,4.2,4.2,4.2h25.7c2.3,0,4.2-1.9,4.2-4.2V12.1  C42,9.8,40.2,8,37.9,8H12.1z\"><\/path>\t<g>\t\t<path class=\"st0\" d=\"M19.8,34.2h-4.4V21h4.4V34.2z M17.6,19.2L17.6,19.2c-1.5,0-2.5-1-2.5-2.3c0-1.3,1-2.3,2.5-2.3s2.4,1,2.5,2.3   C20,18.2,19.1,19.2,17.6,19.2z M35.6,34.2h-4.4v-7.1c0-1.8-0.6-3-2.2-3c-1.2,0-1.9,0.8-2.3,1.6c-0.1,0.3-0.1,0.7-0.1,1.1v7.4h-4.4   c0,0,0.1-12,0-13.2h4.4v1.9c0.6-0.9,1.6-2.2,4-2.2c2.9,0,5.1,1.9,5.1,5.9V34.2z\"><\/path>\t<\/g><\/g><\/svg>\t\t\t\t\t\t<\/span>\n\t\t\t\t\t\t\t\t\t\t<span class=\"elementor-icon-list-text\">C\u00d8NNECTA AMB MI<\/span>\n\t\t\t\t\t\t\t\t\t\t\t<\/a>\n\t\t\t\t\t\t\t\t\t<\/li>\n\t\t\t\t\t\t<\/ul>\n\t\t\t\t\t\t<\/div>\n\t\t\t\t<\/div>\n\t\t\t\t<div class=\"elementor-element elementor-element-efdd28b elementor-widget elementor-widget-menu-anchor\" data-id=\"efdd28b\" data-element_type=\"widget\" data-e-type=\"widget\" data-widget_type=\"menu-anchor.default\">\n\t\t\t\t<div class=\"elementor-widget-container\">\n\t\t\t\t\t\t\t<div class=\"elementor-menu-anchor\" id=\"isabel-bassas\"><\/div>\n\t\t\t\t\t\t<\/div>\n\t\t\t\t<\/div>\n\t\t\t\t<div class=\"elementor-element elementor-element-b9bfeff elementor-widget elementor-widget-text-editor\" data-id=\"b9bfeff\" data-element_type=\"widget\" data-e-type=\"widget\" data-widget_type=\"text-editor.default\">\n\t\t\t\t<div class=\"elementor-widget-container\">\n\t\t\t\t\t\t\t\t\t<div>En David \u00e9s graduat i doctor en Enginyeria de l&#8217;Energia per la Universitat Polit\u00e8cnica de Val\u00e8ncia i m\u00e0ster en Sistemes Energ\u00e8tics Sostenibles per la Universitat d&#8217;Edimburg. Actualment, \u00e9s professor ajudant doctoral a la Universitat Polit\u00e8cnica de Val\u00e8ncia i investigador visitant en la Universitat Tecnol\u00f2gica de Delft. <\/div><div> <\/div><div><span style=\"color: var( --e-global-color-primary ); text-align: var(--text-align); font-size: 1rem;\">En David treballa en l&#8217;estudi i elaboraci\u00f3 de mesures per a facilitar una transici\u00f3 energ\u00e8tica m\u00e9s justa. Els seus principals temes de treball i investigaci\u00f3 se centren en el desenvolupament de models tecno-econ\u00f2mics per dissenyar i analitzar pol\u00edtiques p\u00fabliques i regulaci\u00f3. <\/span><\/div><div> <\/div><div><span style=\"color: var( --e-global-color-primary ); text-align: var(--text-align); font-size: 1rem;\">Entre d&#8217;altres, ha treballat en l\u2019estudi i disseny de mercats el\u00e8ctrics amb alta penetraci\u00f3 renovable, la participaci\u00f3 de les comunitats energ\u00e8tiques i la participaci\u00f3 activa de la demanda.<\/span><\/div>\t\t\t\t\t\t\t\t<\/div>\n\t\t\t\t<\/div>\n\t\t\t\t\t<\/div>\n\t\t\t\t<\/div>\n\t\t\t\t<\/div>\n\t\t<div class=\"elementor-element elementor-element-667a568 e-con-full e-flex e-con e-child\" data-id=\"667a568\" data-element_type=\"container\" data-e-type=\"container\">\n\t\t<div class=\"elementor-element elementor-element-71c63af e-con-full e-flex e-con e-child\" data-id=\"71c63af\" data-element_type=\"container\" data-e-type=\"container\">\n\t\t\t\t<div class=\"elementor-element elementor-element-0418e1c elementor-widget elementor-widget-image\" data-id=\"0418e1c\" data-element_type=\"widget\" data-e-type=\"widget\" data-widget_type=\"image.default\">\n\t\t\t\t<div class=\"elementor-widget-container\">\n\t\t\t\t\t\t\t\t\t\t\t\t\t\t\t<img loading=\"lazy\" decoding=\"async\" width=\"500\" height=\"500\" src=\"https:\/\/samso.eco\/wp-content\/uploads\/2024\/03\/Isabel-Bassas-samso.png\" class=\"attachment-large size-large wp-image-718\" alt=\"\" srcset=\"https:\/\/samso.eco\/wp-content\/uploads\/2024\/03\/Isabel-Bassas-samso.png 500w, https:\/\/samso.eco\/wp-content\/uploads\/2024\/03\/Isabel-Bassas-samso-300x300.png 300w, https:\/\/samso.eco\/wp-content\/uploads\/2024\/03\/Isabel-Bassas-samso-150x150.png 150w\" sizes=\"(max-width: 500px) 100vw, 500px\" \/>\t\t\t\t\t\t\t\t\t\t\t\t\t\t\t<\/div>\n\t\t\t\t<\/div>\n\t\t\t\t<\/div>\n\t\t<div class=\"elementor-element elementor-element-7a68284 e-flex e-con-boxed e-con e-child\" data-id=\"7a68284\" data-element_type=\"container\" data-e-type=\"container\">\n\t\t\t\t\t<div class=\"e-con-inner\">\n\t\t\t\t<div class=\"elementor-element elementor-element-222f7ae elementor-widget elementor-widget-heading\" data-id=\"222f7ae\" data-element_type=\"widget\" data-e-type=\"widget\" data-widget_type=\"heading.default\">\n\t\t\t\t<div class=\"elementor-widget-container\">\n\t\t\t\t\t<h2 class=\"elementor-heading-title elementor-size-default\">ISABEL BASSAS<\/h2>\t\t\t\t<\/div>\n\t\t\t\t<\/div>\n\t\t\t\t<div class=\"elementor-element elementor-element-c722f73 elementor-align-start elementor-icon-list--layout-traditional elementor-list-item-link-full_width elementor-widget elementor-widget-icon-list\" data-id=\"c722f73\" data-element_type=\"widget\" data-e-type=\"widget\" data-widget_type=\"icon-list.default\">\n\t\t\t\t<div class=\"elementor-widget-container\">\n\t\t\t\t\t\t\t<ul class=\"elementor-icon-list-items\">\n\t\t\t\t\t\t\t<li class=\"elementor-icon-list-item\">\n\t\t\t\t\t\t\t\t\t\t\t<a href=\"https:\/\/www.linkedin.com\/in\/isabelbassas\/\" target=\"_blank\">\n\n\t\t\t\t\t\t\t\t\t\t\t\t<span class=\"elementor-icon-list-icon\">\n\t\t\t\t\t\t\t<svg xmlns=\"http:\/\/www.w3.org\/2000\/svg\" xmlns:xlink=\"http:\/\/www.w3.org\/1999\/xlink\" id=\"Capa_1\" x=\"0px\" y=\"0px\" viewBox=\"0 0 50 50\" style=\"enable-background:new 0 0 50 50;\" xml:space=\"preserve\"><style type=\"text\/css\">\t.st0{fill:#A8BCAF;}<\/style><g>\t<path class=\"st0\" d=\"M37.9,44.1H12.1c-3.4,0-6.2-2.8-6.2-6.2V12.1c0-3.4,2.8-6.2,6.2-6.2h25.7c3.4,0,6.2,2.8,6.2,6.2v25.7  C44.1,41.3,41.3,44.1,37.9,44.1z M12.1,8C9.8,8,8,9.8,8,12.1v25.7c0,2.3,1.9,4.2,4.2,4.2h25.7c2.3,0,4.2-1.9,4.2-4.2V12.1  C42,9.8,40.2,8,37.9,8H12.1z\"><\/path>\t<g>\t\t<path class=\"st0\" d=\"M19.8,34.2h-4.4V21h4.4V34.2z M17.6,19.2L17.6,19.2c-1.5,0-2.5-1-2.5-2.3c0-1.3,1-2.3,2.5-2.3s2.4,1,2.5,2.3   C20,18.2,19.1,19.2,17.6,19.2z M35.6,34.2h-4.4v-7.1c0-1.8-0.6-3-2.2-3c-1.2,0-1.9,0.8-2.3,1.6c-0.1,0.3-0.1,0.7-0.1,1.1v7.4h-4.4   c0,0,0.1-12,0-13.2h4.4v1.9c0.6-0.9,1.6-2.2,4-2.2c2.9,0,5.1,1.9,5.1,5.9V34.2z\"><\/path>\t<\/g><\/g><\/svg>\t\t\t\t\t\t<\/span>\n\t\t\t\t\t\t\t\t\t\t<span class=\"elementor-icon-list-text\">C\u00d8NNECTA AMB MI<\/span>\n\t\t\t\t\t\t\t\t\t\t\t<\/a>\n\t\t\t\t\t\t\t\t\t<\/li>\n\t\t\t\t\t\t<\/ul>\n\t\t\t\t\t\t<\/div>\n\t\t\t\t<\/div>\n\t\t\t\t<div class=\"elementor-element elementor-element-2c0ba99 elementor-widget elementor-widget-menu-anchor\" data-id=\"2c0ba99\" data-element_type=\"widget\" data-e-type=\"widget\" data-widget_type=\"menu-anchor.default\">\n\t\t\t\t<div class=\"elementor-widget-container\">\n\t\t\t\t\t\t\t<div class=\"elementor-menu-anchor\" id=\"mireia-matencio\"><\/div>\n\t\t\t\t\t\t<\/div>\n\t\t\t\t<\/div>\n\t\t\t\t<div class=\"elementor-element elementor-element-b440c8d elementor-widget elementor-widget-text-editor\" data-id=\"b440c8d\" data-element_type=\"widget\" data-e-type=\"widget\" data-widget_type=\"text-editor.default\">\n\t\t\t\t<div class=\"elementor-widget-container\">\n\t\t\t\t\t\t\t\t\t<div><div>\u00c9s llicenciada en Dret per la Universitat de Barcelona, amb postgrau en Assessoria i Gesti\u00f3 Tribut\u00e0ria a ESADE, i \u00e9s professora associada de Dret Financer i Tributari a la Universitat Pompeu Fabra. <\/div><div> <\/div><\/div><div><div><span style=\"color: var( --e-global-color-primary ); text-align: var(--text-align); font-size: 1rem;\">La seva primera aproximaci\u00f3 al sector el\u00e8ctric va ser a trav\u00e9s de la tributaci\u00f3 energ\u00e8tica, havent escrit diverses publicacions i impartit confer\u00e8ncies sobre aquest tema. Posteriorment, va col\u00b7laborar amb una associaci\u00f3 empresarial d\u2019empreses energ\u00e8tiques d\u2019\u00e0mbit estatal. Des de fa m\u00e9s de deu anys est\u00e0 especialitzada en l&#8217;assessorament a empreses distribu\u00efdores d&#8217;energia el\u00e8ctrica. Actualment, treballa al seu propi despatx, Bassas P\u00e9rez Abogados, i col\u00b7labora amb SAMS\u00d8 en projectes espec\u00edfics.<\/span><\/div><\/div>\t\t\t\t\t\t\t\t<\/div>\n\t\t\t\t<\/div>\n\t\t\t\t\t<\/div>\n\t\t\t\t<\/div>\n\t\t\t\t<\/div>\n\t\t<div class=\"elementor-element elementor-element-98307f4 e-con-full e-flex e-con e-child\" data-id=\"98307f4\" data-element_type=\"container\" data-e-type=\"container\">\n\t\t<div class=\"elementor-element elementor-element-22631fb e-con-full e-flex e-con e-child\" data-id=\"22631fb\" data-element_type=\"container\" data-e-type=\"container\">\n\t\t\t\t<div class=\"elementor-element elementor-element-ef8b780 elementor-widget elementor-widget-image\" data-id=\"ef8b780\" data-element_type=\"widget\" data-e-type=\"widget\" data-widget_type=\"image.default\">\n\t\t\t\t<div class=\"elementor-widget-container\">\n\t\t\t\t\t\t\t\t\t\t\t\t\t\t\t<img loading=\"lazy\" decoding=\"async\" width=\"500\" height=\"500\" src=\"https:\/\/samso.eco\/wp-content\/uploads\/2024\/03\/Mireia-samso.png\" class=\"attachment-large size-large wp-image-768\" alt=\"\" srcset=\"https:\/\/samso.eco\/wp-content\/uploads\/2024\/03\/Mireia-samso.png 500w, https:\/\/samso.eco\/wp-content\/uploads\/2024\/03\/Mireia-samso-300x300.png 300w, https:\/\/samso.eco\/wp-content\/uploads\/2024\/03\/Mireia-samso-150x150.png 150w\" sizes=\"(max-width: 500px) 100vw, 500px\" \/>\t\t\t\t\t\t\t\t\t\t\t\t\t\t\t<\/div>\n\t\t\t\t<\/div>\n\t\t\t\t<\/div>\n\t\t<div class=\"elementor-element elementor-element-28c4fa5 e-flex e-con-boxed e-con e-child\" data-id=\"28c4fa5\" data-element_type=\"container\" data-e-type=\"container\">\n\t\t\t\t\t<div class=\"e-con-inner\">\n\t\t\t\t<div class=\"elementor-element elementor-element-9069073 elementor-widget elementor-widget-heading\" data-id=\"9069073\" data-element_type=\"widget\" data-e-type=\"widget\" data-widget_type=\"heading.default\">\n\t\t\t\t<div class=\"elementor-widget-container\">\n\t\t\t\t\t<h2 class=\"elementor-heading-title elementor-size-default\">MIREIA MATENCI\u00d8<\/h2>\t\t\t\t<\/div>\n\t\t\t\t<\/div>\n\t\t\t\t<div class=\"elementor-element elementor-element-73e6199 elementor-align-start elementor-icon-list--layout-traditional elementor-list-item-link-full_width elementor-widget elementor-widget-icon-list\" data-id=\"73e6199\" data-element_type=\"widget\" data-e-type=\"widget\" data-widget_type=\"icon-list.default\">\n\t\t\t\t<div class=\"elementor-widget-container\">\n\t\t\t\t\t\t\t<ul class=\"elementor-icon-list-items\">\n\t\t\t\t\t\t\t<li class=\"elementor-icon-list-item\">\n\t\t\t\t\t\t\t\t\t\t\t<a href=\"https:\/\/www.linkedin.com\/in\/mireia-matencio-8926522a\/\" target=\"_blank\">\n\n\t\t\t\t\t\t\t\t\t\t\t\t<span class=\"elementor-icon-list-icon\">\n\t\t\t\t\t\t\t<svg xmlns=\"http:\/\/www.w3.org\/2000\/svg\" xmlns:xlink=\"http:\/\/www.w3.org\/1999\/xlink\" id=\"Capa_1\" x=\"0px\" y=\"0px\" viewBox=\"0 0 50 50\" style=\"enable-background:new 0 0 50 50;\" xml:space=\"preserve\"><style type=\"text\/css\">\t.st0{fill:#A8BCAF;}<\/style><g>\t<path class=\"st0\" d=\"M37.9,44.1H12.1c-3.4,0-6.2-2.8-6.2-6.2V12.1c0-3.4,2.8-6.2,6.2-6.2h25.7c3.4,0,6.2,2.8,6.2,6.2v25.7  C44.1,41.3,41.3,44.1,37.9,44.1z M12.1,8C9.8,8,8,9.8,8,12.1v25.7c0,2.3,1.9,4.2,4.2,4.2h25.7c2.3,0,4.2-1.9,4.2-4.2V12.1  C42,9.8,40.2,8,37.9,8H12.1z\"><\/path>\t<g>\t\t<path class=\"st0\" d=\"M19.8,34.2h-4.4V21h4.4V34.2z M17.6,19.2L17.6,19.2c-1.5,0-2.5-1-2.5-2.3c0-1.3,1-2.3,2.5-2.3s2.4,1,2.5,2.3   C20,18.2,19.1,19.2,17.6,19.2z M35.6,34.2h-4.4v-7.1c0-1.8-0.6-3-2.2-3c-1.2,0-1.9,0.8-2.3,1.6c-0.1,0.3-0.1,0.7-0.1,1.1v7.4h-4.4   c0,0,0.1-12,0-13.2h4.4v1.9c0.6-0.9,1.6-2.2,4-2.2c2.9,0,5.1,1.9,5.1,5.9V34.2z\"><\/path>\t<\/g><\/g><\/svg>\t\t\t\t\t\t<\/span>\n\t\t\t\t\t\t\t\t\t\t<span class=\"elementor-icon-list-text\">C\u00d8NNECTA AMB MI<\/span>\n\t\t\t\t\t\t\t\t\t\t\t<\/a>\n\t\t\t\t\t\t\t\t\t<\/li>\n\t\t\t\t\t\t<\/ul>\n\t\t\t\t\t\t<\/div>\n\t\t\t\t<\/div>\n\t\t\t\t<div class=\"elementor-element elementor-element-08aacdd elementor-widget elementor-widget-menu-anchor\" data-id=\"08aacdd\" data-element_type=\"widget\" data-e-type=\"widget\" data-widget_type=\"menu-anchor.default\">\n\t\t\t\t<div class=\"elementor-widget-container\">\n\t\t\t\t\t\t\t<div class=\"elementor-menu-anchor\" id=\"manel-ferri\"><\/div>\n\t\t\t\t\t\t<\/div>\n\t\t\t\t<\/div>\n\t\t\t\t<div class=\"elementor-element elementor-element-9b4e881 elementor-widget elementor-widget-text-editor\" data-id=\"9b4e881\" data-element_type=\"widget\" data-e-type=\"widget\" data-widget_type=\"text-editor.default\">\n\t\t\t\t<div class=\"elementor-widget-container\">\n\t\t\t\t\t\t\t\t\t<div>Graduada en Dret espanyol i franc\u00e8s per les universitats Aut\u00f2noma de Barcelona i \u201cPanth\u00e9on-Assas\u201d de Par\u00eds, m\u00e0ster en Dret de l\u2019Energia per la Universitat de la Sorbona i m\u00e0ster en Advocacia per la Universitat Aut\u00f2noma de Barcelona. <\/div><div> <\/div><div>Despr\u00e9s d\u2019una etapa d\u2019advocada en un bufet internacional a Barcelona, la Mireia ha treballat en un productor independent franc\u00e8s com a advocada in-house desenvolupant projectes e\u00f2lics, fotovoltaics i de biog\u00e0s amb una forta innovaci\u00f3 t\u00e8cnica i social: capital participatiu, comunitats energ\u00e8tiques, autoconsum compartit, hibridaci\u00f3 e\u00f2lica i fotovoltaica, valoritzaci\u00f3 local de l\u2019energia via PPAs, etc.<\/div><div> <\/div><div>Actualment, compagina la seva ocupaci\u00f3 en la Metr\u00f2polis de Besan\u00e7on com a coordinadora d\u2019un programa de lluita contra la pobresa energ\u00e8tica amb l\u2019activitat de consultoria i doc\u00e8ncia.<\/div>\t\t\t\t\t\t\t\t<\/div>\n\t\t\t\t<\/div>\n\t\t\t\t\t<\/div>\n\t\t\t\t<\/div>\n\t\t\t\t<\/div>\n\t\t<div class=\"elementor-element elementor-element-dacb139 e-con-full e-flex e-con e-child\" data-id=\"dacb139\" data-element_type=\"container\" data-e-type=\"container\">\n\t\t<div class=\"elementor-element elementor-element-bf3fc2e e-con-full e-flex e-con e-child\" data-id=\"bf3fc2e\" data-element_type=\"container\" data-e-type=\"container\">\n\t\t\t\t<div class=\"elementor-element elementor-element-917f1c7 elementor-widget elementor-widget-image\" data-id=\"917f1c7\" data-element_type=\"widget\" data-e-type=\"widget\" data-widget_type=\"image.default\">\n\t\t\t\t<div class=\"elementor-widget-container\">\n\t\t\t\t\t\t\t\t\t\t\t\t\t\t\t<img loading=\"lazy\" decoding=\"async\" width=\"566\" height=\"566\" src=\"https:\/\/samso.eco\/wp-content\/uploads\/2024\/07\/manel-ferri.jpg\" class=\"attachment-large size-large wp-image-1109\" alt=\"\" srcset=\"https:\/\/samso.eco\/wp-content\/uploads\/2024\/07\/manel-ferri.jpg 566w, https:\/\/samso.eco\/wp-content\/uploads\/2024\/07\/manel-ferri-300x300.jpg 300w, https:\/\/samso.eco\/wp-content\/uploads\/2024\/07\/manel-ferri-150x150.jpg 150w\" sizes=\"(max-width: 566px) 100vw, 566px\" \/>\t\t\t\t\t\t\t\t\t\t\t\t\t\t\t<\/div>\n\t\t\t\t<\/div>\n\t\t\t\t<\/div>\n\t\t<div class=\"elementor-element elementor-element-958b0b4 e-flex e-con-boxed e-con e-child\" data-id=\"958b0b4\" data-element_type=\"container\" data-e-type=\"container\">\n\t\t\t\t\t<div class=\"e-con-inner\">\n\t\t\t\t<div class=\"elementor-element elementor-element-72d3d6d elementor-widget elementor-widget-heading\" data-id=\"72d3d6d\" data-element_type=\"widget\" data-e-type=\"widget\" data-widget_type=\"heading.default\">\n\t\t\t\t<div class=\"elementor-widget-container\">\n\t\t\t\t\t<h2 class=\"elementor-heading-title elementor-size-default\">Manel Ferri<\/h2>\t\t\t\t<\/div>\n\t\t\t\t<\/div>\n\t\t\t\t<div class=\"elementor-element elementor-element-483f1f5 elementor-align-start elementor-icon-list--layout-traditional elementor-list-item-link-full_width elementor-widget elementor-widget-icon-list\" data-id=\"483f1f5\" data-element_type=\"widget\" data-e-type=\"widget\" data-widget_type=\"icon-list.default\">\n\t\t\t\t<div class=\"elementor-widget-container\">\n\t\t\t\t\t\t\t<ul class=\"elementor-icon-list-items\">\n\t\t\t\t\t\t\t<li class=\"elementor-icon-list-item\">\n\t\t\t\t\t\t\t\t\t\t\t<a href=\"https:\/\/www.linkedin.com\/in\/manel-ferri-5a5b5b44\/\" target=\"_blank\">\n\n\t\t\t\t\t\t\t\t\t\t\t\t<span class=\"elementor-icon-list-icon\">\n\t\t\t\t\t\t\t<svg xmlns=\"http:\/\/www.w3.org\/2000\/svg\" xmlns:xlink=\"http:\/\/www.w3.org\/1999\/xlink\" id=\"Capa_1\" x=\"0px\" y=\"0px\" viewBox=\"0 0 50 50\" style=\"enable-background:new 0 0 50 50;\" xml:space=\"preserve\"><style type=\"text\/css\">\t.st0{fill:#A8BCAF;}<\/style><g>\t<path class=\"st0\" d=\"M37.9,44.1H12.1c-3.4,0-6.2-2.8-6.2-6.2V12.1c0-3.4,2.8-6.2,6.2-6.2h25.7c3.4,0,6.2,2.8,6.2,6.2v25.7  C44.1,41.3,41.3,44.1,37.9,44.1z M12.1,8C9.8,8,8,9.8,8,12.1v25.7c0,2.3,1.9,4.2,4.2,4.2h25.7c2.3,0,4.2-1.9,4.2-4.2V12.1  C42,9.8,40.2,8,37.9,8H12.1z\"><\/path>\t<g>\t\t<path class=\"st0\" d=\"M19.8,34.2h-4.4V21h4.4V34.2z M17.6,19.2L17.6,19.2c-1.5,0-2.5-1-2.5-2.3c0-1.3,1-2.3,2.5-2.3s2.4,1,2.5,2.3   C20,18.2,19.1,19.2,17.6,19.2z M35.6,34.2h-4.4v-7.1c0-1.8-0.6-3-2.2-3c-1.2,0-1.9,0.8-2.3,1.6c-0.1,0.3-0.1,0.7-0.1,1.1v7.4h-4.4   c0,0,0.1-12,0-13.2h4.4v1.9c0.6-0.9,1.6-2.2,4-2.2c2.9,0,5.1,1.9,5.1,5.9V34.2z\"><\/path>\t<\/g><\/g><\/svg>\t\t\t\t\t\t<\/span>\n\t\t\t\t\t\t\t\t\t\t<span class=\"elementor-icon-list-text\">C\u00d8NNECTA AMB MI<\/span>\n\t\t\t\t\t\t\t\t\t\t\t<\/a>\n\t\t\t\t\t\t\t\t\t<\/li>\n\t\t\t\t\t\t<\/ul>\n\t\t\t\t\t\t<\/div>\n\t\t\t\t<\/div>\n\t\t\t\t<div class=\"elementor-element elementor-element-d4f1dfd elementor-widget elementor-widget-menu-anchor\" data-id=\"d4f1dfd\" data-element_type=\"widget\" data-e-type=\"widget\" data-widget_type=\"menu-anchor.default\">\n\t\t\t\t<div class=\"elementor-widget-container\">\n\t\t\t\t\t\t\t<div class=\"elementor-menu-anchor\" id=\"laura-presicce\"><\/div>\n\t\t\t\t\t\t<\/div>\n\t\t\t\t<\/div>\n\t\t\t\t<div class=\"elementor-element elementor-element-46b9028 elementor-widget elementor-widget-text-editor\" data-id=\"46b9028\" data-element_type=\"widget\" data-e-type=\"widget\" data-widget_type=\"text-editor.default\">\n\t\t\t\t<div class=\"elementor-widget-container\">\n\t\t\t\t\t\t\t\t\t<p>\u00c9s especialista en mobilitat, i particularment en mobilitat al treball. Ha treballat com a t\u00e8cnic de mobilitat a l&#8217;Oficina de Canvi Clim\u00e0tic de la Diputaci\u00f3 de Barcelona, en plans de despla\u00e7ament al treball (PDE) en molts municipis, i amb l&#8217;Oficina de Mobilitat Laboral de l&#8217;Ajuntament de Barcelona en la promoci\u00f3 dels plans de despla\u00e7ament d&#8217;empresa (PDE) del mateix Ajuntament de Barcelona i de les empreses radicades a Barcelona.<\/p><p>Reconegut expert i impulsor de nombroses iniciatives en mat\u00e8ria de mobilitat, ha estat premiat el 2016 com a \u201cEuropean Talent in Mobility\u201d pel Sal\u00f3 dels Transports P\u00fablics de Par\u00eds, organitzat per la GART i la UITP.<\/p>\t\t\t\t\t\t\t\t<\/div>\n\t\t\t\t<\/div>\n\t\t\t\t\t<\/div>\n\t\t\t\t<\/div>\n\t\t\t\t<\/div>\n\t\t<div class=\"elementor-element elementor-element-615c0b7 e-con-full e-flex e-con e-child\" data-id=\"615c0b7\" data-element_type=\"container\" data-e-type=\"container\">\n\t\t<div class=\"elementor-element elementor-element-5e0a2b9 e-con-full e-flex e-con e-child\" data-id=\"5e0a2b9\" data-element_type=\"container\" data-e-type=\"container\">\n\t\t\t\t<div class=\"elementor-element elementor-element-afee992 elementor-widget elementor-widget-image\" data-id=\"afee992\" data-element_type=\"widget\" data-e-type=\"widget\" data-widget_type=\"image.default\">\n\t\t\t\t<div class=\"elementor-widget-container\">\n\t\t\t\t\t\t\t\t\t\t\t\t\t\t\t<img loading=\"lazy\" decoding=\"async\" width=\"200\" height=\"200\" src=\"https:\/\/samso.eco\/wp-content\/uploads\/2024\/07\/Laura-presicce.jpg\" class=\"attachment-large size-large wp-image-1149\" alt=\"\" srcset=\"https:\/\/samso.eco\/wp-content\/uploads\/2024\/07\/Laura-presicce.jpg 200w, https:\/\/samso.eco\/wp-content\/uploads\/2024\/07\/Laura-presicce-150x150.jpg 150w\" sizes=\"(max-width: 200px) 100vw, 200px\" \/>\t\t\t\t\t\t\t\t\t\t\t\t\t\t\t<\/div>\n\t\t\t\t<\/div>\n\t\t\t\t<\/div>\n\t\t<div class=\"elementor-element elementor-element-da7aa7c e-flex e-con-boxed e-con e-child\" data-id=\"da7aa7c\" data-element_type=\"container\" data-e-type=\"container\">\n\t\t\t\t\t<div class=\"e-con-inner\">\n\t\t\t\t<div class=\"elementor-element elementor-element-382c3d0 elementor-widget elementor-widget-heading\" data-id=\"382c3d0\" data-element_type=\"widget\" data-e-type=\"widget\" data-widget_type=\"heading.default\">\n\t\t\t\t<div class=\"elementor-widget-container\">\n\t\t\t\t\t<h2 class=\"elementor-heading-title elementor-size-default\">LAURA PRESICCE<\/h2>\t\t\t\t<\/div>\n\t\t\t\t<\/div>\n\t\t\t\t<div class=\"elementor-element elementor-element-a3e2828 elementor-align-start elementor-icon-list--layout-traditional elementor-list-item-link-full_width elementor-widget elementor-widget-icon-list\" data-id=\"a3e2828\" data-element_type=\"widget\" data-e-type=\"widget\" data-widget_type=\"icon-list.default\">\n\t\t\t\t<div class=\"elementor-widget-container\">\n\t\t\t\t\t\t\t<ul class=\"elementor-icon-list-items\">\n\t\t\t\t\t\t\t<li class=\"elementor-icon-list-item\">\n\t\t\t\t\t\t\t\t\t\t\t<a href=\"https:\/\/www.linkedin.com\/in\/laura-presicce\/?originalSubdomain=es\" target=\"_blank\">\n\n\t\t\t\t\t\t\t\t\t\t\t\t<span class=\"elementor-icon-list-icon\">\n\t\t\t\t\t\t\t<svg xmlns=\"http:\/\/www.w3.org\/2000\/svg\" xmlns:xlink=\"http:\/\/www.w3.org\/1999\/xlink\" id=\"Capa_1\" x=\"0px\" y=\"0px\" viewBox=\"0 0 50 50\" style=\"enable-background:new 0 0 50 50;\" xml:space=\"preserve\"><style type=\"text\/css\">\t.st0{fill:#A8BCAF;}<\/style><g>\t<path class=\"st0\" d=\"M37.9,44.1H12.1c-3.4,0-6.2-2.8-6.2-6.2V12.1c0-3.4,2.8-6.2,6.2-6.2h25.7c3.4,0,6.2,2.8,6.2,6.2v25.7  C44.1,41.3,41.3,44.1,37.9,44.1z M12.1,8C9.8,8,8,9.8,8,12.1v25.7c0,2.3,1.9,4.2,4.2,4.2h25.7c2.3,0,4.2-1.9,4.2-4.2V12.1  C42,9.8,40.2,8,37.9,8H12.1z\"><\/path>\t<g>\t\t<path class=\"st0\" d=\"M19.8,34.2h-4.4V21h4.4V34.2z M17.6,19.2L17.6,19.2c-1.5,0-2.5-1-2.5-2.3c0-1.3,1-2.3,2.5-2.3s2.4,1,2.5,2.3   C20,18.2,19.1,19.2,17.6,19.2z M35.6,34.2h-4.4v-7.1c0-1.8-0.6-3-2.2-3c-1.2,0-1.9,0.8-2.3,1.6c-0.1,0.3-0.1,0.7-0.1,1.1v7.4h-4.4   c0,0,0.1-12,0-13.2h4.4v1.9c0.6-0.9,1.6-2.2,4-2.2c2.9,0,5.1,1.9,5.1,5.9V34.2z\"><\/path>\t<\/g><\/g><\/svg>\t\t\t\t\t\t<\/span>\n\t\t\t\t\t\t\t\t\t\t<span class=\"elementor-icon-list-text\">C\u00d8NNECTA AMB MI<\/span>\n\t\t\t\t\t\t\t\t\t\t\t<\/a>\n\t\t\t\t\t\t\t\t\t<\/li>\n\t\t\t\t\t\t<\/ul>\n\t\t\t\t\t\t<\/div>\n\t\t\t\t<\/div>\n\t\t\t\t<div class=\"elementor-element elementor-element-56aa496 elementor-widget elementor-widget-text-editor\" data-id=\"56aa496\" data-element_type=\"widget\" data-e-type=\"widget\" data-widget_type=\"text-editor.default\">\n\t\t\t\t<div class=\"elementor-widget-container\">\n\t\t\t\t\t\t\t\t\t<p>Professora de Dret Administratiu dels graus de Dret i Ci\u00e8ncia Pol\u00edtica de la Universitat Oberta de Catalunya (UOC). \u00c9s doctora -i premi extraordinari de doctorat en Dret- per la Universitat Rovira i Virgili (2021)<\/p><p>La seva tesi doctoral \u201cEls ens locals en l\u2019acci\u00f3 clim\u00e0tica global. Responsabilitats, reptes i perspectives jur\u00eddiques\u201d va guanyar el premi Antoni Pedrol i R\u00edos a la millor tesi doctoral en dret local i el premi Josep Miquel Prat Canuts a la millor tesi doctoral en dret ambiental de la Universitat Rovira i Virgili. Va realitzar estades de recerca en la Universitat de Groningen (Pa\u00efsos Baixos) i la Universitat de Bolonya (It\u00e0lia).<\/p><p>\u00c9s especialista en pol\u00edtiques i actuacions administratives locals de mitigaci\u00f3 i adaptaci\u00f3 del canvi clim\u00e0tic. Les seves l\u00ednies de recerca inclouen dret local, dret del medi ambient, canvi clim\u00e0tic i transici\u00f3 energ\u00e8tica a escala local, pobresa energ\u00e8tica i contractaci\u00f3 p\u00fablica, entre altres.<\/p>\t\t\t\t\t\t\t\t<\/div>\n\t\t\t\t<\/div>\n\t\t\t\t\t<\/div>\n\t\t\t\t<\/div>\n\t\t\t\t<\/div>\n\t\t\t\t\t<\/div>\n\t\t\t\t<\/div>\n\t\t<div class=\"elementor-element elementor-element-3b97bcb e-flex e-con-boxed e-con e-parent\" data-id=\"3b97bcb\" data-element_type=\"container\" data-e-type=\"container\" data-settings=\"{&quot;background_background&quot;:&quot;classic&quot;}\">\n\t\t\t\t\t<div class=\"e-con-inner\">\n\t\t<div class=\"elementor-element elementor-element-77e4561 e-con-full e-flex e-con e-child\" data-id=\"77e4561\" data-element_type=\"container\" data-e-type=\"container\">\n\t\t\t\t<div class=\"elementor-element elementor-element-56c5dae elementor-widget elementor-widget-heading\" data-id=\"56c5dae\" data-element_type=\"widget\" data-e-type=\"widget\" data-widget_type=\"heading.default\">\n\t\t\t\t<div class=\"elementor-widget-container\">\n\t\t\t\t\t<h2 class=\"elementor-heading-title elementor-size-default\">PARTNER ESTRAT\u00c8GIC<\/h2>\t\t\t\t<\/div>\n\t\t\t\t<\/div>\n\t\t\t\t<div class=\"elementor-element elementor-element-354e896 elementor-widget elementor-widget-text-editor\" data-id=\"354e896\" data-element_type=\"widget\" data-e-type=\"widget\" data-widget_type=\"text-editor.default\">\n\t\t\t\t<div class=\"elementor-widget-container\">\n\t\t\t\t\t\t\t\t\t<p>Daleph \u00e9s una consultora BCorp d&#8217;estrat\u00e8gia i operacions, el prop\u00f2sit de les quals \u00e9s impulsar el progr\u00e9s social, la inclusi\u00f3 de les persones i el desenvolupament dels territoris, buscant el m\u00e9s alt nivell de funcionament i impacte de les pol\u00edtiques promogudes pels actors p\u00fablics i privats.<\/p><p>Amb 30 anys d&#8217;experi\u00e8ncia i un ampli equip de professionals, la seva alian\u00e7a estrat\u00e8gica amb Sams\u00f8 neix amb la voluntat d&#8217;amplificar i aportar al sector p\u00fablic les millors pr\u00e0ctiques i experi\u00e8ncies en sostenibilitat i transici\u00f3 energ\u00e8tica.<\/p>\t\t\t\t\t\t\t\t<\/div>\n\t\t\t\t<\/div>\n\t\t\t\t<\/div>\n\t\t<div class=\"elementor-element elementor-element-689e349 e-flex e-con-boxed e-con e-child\" data-id=\"689e349\" data-element_type=\"container\" data-e-type=\"container\">\n\t\t\t\t\t<div class=\"e-con-inner\">\n\t\t\t\t<div class=\"elementor-element elementor-element-46e29a7 elementor-widget elementor-widget-image\" data-id=\"46e29a7\" data-element_type=\"widget\" data-e-type=\"widget\" data-widget_type=\"image.default\">\n\t\t\t\t<div class=\"elementor-widget-container\">\n\t\t\t\t\t\t\t\t\t\t\t\t\t\t\t<img loading=\"lazy\" decoding=\"async\" width=\"800\" height=\"453\" src=\"https:\/\/samso.eco\/wp-content\/uploads\/2024\/03\/estrategico-samso-daleph-unificado.png\" class=\"attachment-large size-large wp-image-656\" alt=\"\" srcset=\"https:\/\/samso.eco\/wp-content\/uploads\/2024\/03\/estrategico-samso-daleph-unificado.png 900w, https:\/\/samso.eco\/wp-content\/uploads\/2024\/03\/estrategico-samso-daleph-unificado-300x170.png 300w, https:\/\/samso.eco\/wp-content\/uploads\/2024\/03\/estrategico-samso-daleph-unificado-150x85.png 150w, https:\/\/samso.eco\/wp-content\/uploads\/2024\/03\/estrategico-samso-daleph-unificado-768x435.png 768w\" sizes=\"(max-width: 800px) 100vw, 800px\" \/>\t\t\t\t\t\t\t\t\t\t\t\t\t\t\t<\/div>\n\t\t\t\t<\/div>\n\t\t\t\t\t<\/div>\n\t\t\t\t<\/div>\n\t\t\t\t\t<\/div>\n\t\t\t\t<\/div>\n\t\t<div class=\"elementor-element elementor-element-f795a98 e-flex e-con-boxed e-con e-parent\" data-id=\"f795a98\" data-element_type=\"container\" data-e-type=\"container\" data-settings=\"{&quot;background_background&quot;:&quot;classic&quot;}\">\n\t\t\t\t\t<div class=\"e-con-inner\">\n\t\t\t\t<div class=\"elementor-element elementor-element-dbfd764 elementor-align-center elementor-widget elementor-widget-button\" data-id=\"dbfd764\" data-element_type=\"widget\" data-e-type=\"widget\" data-widget_type=\"button.default\">\n\t\t\t\t<div class=\"elementor-widget-container\">\n\t\t\t\t\t\t\t\t\t<div class=\"elementor-button-wrapper\">\n\t\t\t\t\t<a class=\"elementor-button elementor-button-link elementor-size-sm\" href=\"https:\/\/samso.eco\/ca\/talent\/\">\n\t\t\t\t\t\t<span class=\"elementor-button-content-wrapper\">\n\t\t\t\t\t\t\t\t\t<span class=\"elementor-button-text\">Vols treballar a Sams\u00f8?<\/span>\n\t\t\t\t\t<\/span>\n\t\t\t\t\t<\/a>\n\t\t\t\t<\/div>\n\t\t\t\t\t\t\t\t<\/div>\n\t\t\t\t<\/div>\n\t\t\t\t\t<\/div>\n\t\t\t\t<\/div>\n\t\t<div class=\"elementor-element elementor-element-58e2320 e-flex e-con-boxed e-con e-parent\" data-id=\"58e2320\" data-element_type=\"container\" data-e-type=\"container\">\n\t\t\t\t\t<div class=\"e-con-inner\">\n\t\t\t\t\t<\/div>\n\t\t\t\t<\/div>\n\t\t<div class=\"elementor-element elementor-element-fd79dd4 e-flex e-con-boxed e-con e-parent\" data-id=\"fd79dd4\" data-element_type=\"container\" data-e-type=\"container\">\n\t\t\t\t\t<div class=\"e-con-inner\">\n\t\t\t\t\t<\/div>\n\t\t\t\t<\/div>\n\t\t\t\t<\/div>\n\t\t","protected":false},"excerpt":{"rendered":"<p>EQUIP J\u00d8AN HERRERA C\u00d8NNECTA AMB MI En Joan \u00e9s llicenciat en Dret per la Universitat de Barcelona, amb postgrau en Dret Urban\u00edstic i Dret del Medi Ambient a la Universitat Pompeu Fabra i \u00e9s professor associat de Dret de l\u2019Energia en la Universitat Rovira i Virgili. La vinculaci\u00f3 d\u2019en Joan amb el medi ambient i [&hellip;]<\/p>\n","protected":false},"author":1,"featured_media":0,"parent":0,"menu_order":0,"comment_status":"closed","ping_status":"closed","template":"","meta":{"footnotes":""},"class_list":["post-724","page","type-page","status-publish","hentry"],"yoast_head":"<!-- This site is optimized with the Yoast SEO plugin v27.5 - https:\/\/yoast.com\/product\/yoast-seo-wordpress\/ -->\n<title>EQUIP - Samso<\/title>\n<meta name=\"robots\" content=\"index, follow, max-snippet:-1, max-image-preview:large, max-video-preview:-1\" \/>\n<link rel=\"canonical\" href=\"https:\/\/samso.eco\/ca\/qui-som\/\" \/>\n<meta property=\"og:locale\" content=\"ca_ES\" \/>\n<meta property=\"og:type\" content=\"article\" \/>\n<meta property=\"og:title\" content=\"EQUIP - Samso\" \/>\n<meta property=\"og:description\" content=\"EQUIP J\u00d8AN HERRERA C\u00d8NNECTA AMB MI En Joan \u00e9s llicenciat en Dret per la Universitat de Barcelona, amb postgrau en Dret Urban\u00edstic i Dret del Medi Ambient a la Universitat Pompeu Fabra i \u00e9s professor associat de Dret de l\u2019Energia en la Universitat Rovira i Virgili. La vinculaci\u00f3 d\u2019en Joan amb el medi ambient i [&hellip;]\" \/>\n<meta property=\"og:url\" content=\"https:\/\/samso.eco\/ca\/qui-som\/\" \/>\n<meta property=\"og:site_name\" content=\"Samso\" \/>\n<meta property=\"article:modified_time\" content=\"2026-03-16T10:42:26+00:00\" \/>\n<meta property=\"og:image\" content=\"https:\/\/samso.eco\/wp-content\/uploads\/2025\/04\/Imatge9-09-1024x1016.png\" \/>\n\t<meta property=\"og:image:width\" content=\"1024\" \/>\n\t<meta property=\"og:image:height\" content=\"1016\" \/>\n\t<meta property=\"og:image:type\" content=\"image\/png\" \/>\n<meta name=\"twitter:card\" content=\"summary_large_image\" \/>\n<meta name=\"twitter:label1\" content=\"Temps estimat de lectura\" \/>\n\t<meta name=\"twitter:data1\" content=\"11 minuts\" \/>\n<script type=\"application\/ld+json\" class=\"yoast-schema-graph\">{\"@context\":\"https:\\\/\\\/schema.org\",\"@graph\":[{\"@type\":\"WebPage\",\"@id\":\"https:\\\/\\\/samso.eco\\\/ca\\\/qui-som\\\/\",\"url\":\"https:\\\/\\\/samso.eco\\\/ca\\\/qui-som\\\/\",\"name\":\"EQUIP - Samso\",\"isPartOf\":{\"@id\":\"https:\\\/\\\/samso.eco\\\/ca\\\/#website\"},\"primaryImageOfPage\":{\"@id\":\"https:\\\/\\\/samso.eco\\\/ca\\\/qui-som\\\/#primaryimage\"},\"image\":{\"@id\":\"https:\\\/\\\/samso.eco\\\/ca\\\/qui-som\\\/#primaryimage\"},\"thumbnailUrl\":\"https:\\\/\\\/samso.eco\\\/wp-content\\\/uploads\\\/2025\\\/04\\\/Imatge9-09-1024x1016.png\",\"datePublished\":\"2024-03-04T16:47:09+00:00\",\"dateModified\":\"2026-03-16T10:42:26+00:00\",\"breadcrumb\":{\"@id\":\"https:\\\/\\\/samso.eco\\\/ca\\\/qui-som\\\/#breadcrumb\"},\"inLanguage\":\"ca\",\"potentialAction\":[{\"@type\":\"ReadAction\",\"target\":[\"https:\\\/\\\/samso.eco\\\/ca\\\/qui-som\\\/\"]}]},{\"@type\":\"ImageObject\",\"inLanguage\":\"ca\",\"@id\":\"https:\\\/\\\/samso.eco\\\/ca\\\/qui-som\\\/#primaryimage\",\"url\":\"https:\\\/\\\/samso.eco\\\/wp-content\\\/uploads\\\/2025\\\/04\\\/Imatge9-09-1024x1016.png\",\"contentUrl\":\"https:\\\/\\\/samso.eco\\\/wp-content\\\/uploads\\\/2025\\\/04\\\/Imatge9-09-1024x1016.png\"},{\"@type\":\"BreadcrumbList\",\"@id\":\"https:\\\/\\\/samso.eco\\\/ca\\\/qui-som\\\/#breadcrumb\",\"itemListElement\":[{\"@type\":\"ListItem\",\"position\":1,\"name\":\"Portada\",\"item\":\"https:\\\/\\\/samso.eco\\\/ca\\\/home-2\\\/\"},{\"@type\":\"ListItem\",\"position\":2,\"name\":\"EQUIP\"}]},{\"@type\":\"WebSite\",\"@id\":\"https:\\\/\\\/samso.eco\\\/ca\\\/#website\",\"url\":\"https:\\\/\\\/samso.eco\\\/ca\\\/\",\"name\":\"Samso\",\"description\":\"Construir contigo un futuro sostenible\",\"publisher\":{\"@id\":\"https:\\\/\\\/samso.eco\\\/ca\\\/#organization\"},\"potentialAction\":[{\"@type\":\"SearchAction\",\"target\":{\"@type\":\"EntryPoint\",\"urlTemplate\":\"https:\\\/\\\/samso.eco\\\/ca\\\/?s={search_term_string}\"},\"query-input\":{\"@type\":\"PropertyValueSpecification\",\"valueRequired\":true,\"valueName\":\"search_term_string\"}}],\"inLanguage\":\"ca\"},{\"@type\":\"Organization\",\"@id\":\"https:\\\/\\\/samso.eco\\\/ca\\\/#organization\",\"name\":\"Samso\",\"url\":\"https:\\\/\\\/samso.eco\\\/ca\\\/\",\"logo\":{\"@type\":\"ImageObject\",\"inLanguage\":\"ca\",\"@id\":\"https:\\\/\\\/samso.eco\\\/ca\\\/#\\\/schema\\\/logo\\\/image\\\/\",\"url\":\"https:\\\/\\\/samso.eco\\\/wp-content\\\/uploads\\\/2024\\\/03\\\/logo-samso-blanco.png\",\"contentUrl\":\"https:\\\/\\\/samso.eco\\\/wp-content\\\/uploads\\\/2024\\\/03\\\/logo-samso-blanco.png\",\"width\":800,\"height\":234,\"caption\":\"Samso\"},\"image\":{\"@id\":\"https:\\\/\\\/samso.eco\\\/ca\\\/#\\\/schema\\\/logo\\\/image\\\/\"}}]}<\/script>\n<!-- \/ Yoast SEO plugin. -->","yoast_head_json":{"title":"EQUIP - Samso","robots":{"index":"index","follow":"follow","max-snippet":"max-snippet:-1","max-image-preview":"max-image-preview:large","max-video-preview":"max-video-preview:-1"},"canonical":"https:\/\/samso.eco\/ca\/qui-som\/","og_locale":"ca_ES","og_type":"article","og_title":"EQUIP - Samso","og_description":"EQUIP J\u00d8AN HERRERA C\u00d8NNECTA AMB MI En Joan \u00e9s llicenciat en Dret per la Universitat de Barcelona, amb postgrau en Dret Urban\u00edstic i Dret del Medi Ambient a la Universitat Pompeu Fabra i \u00e9s professor associat de Dret de l\u2019Energia en la Universitat Rovira i Virgili. La vinculaci\u00f3 d\u2019en Joan amb el medi ambient i [&hellip;]","og_url":"https:\/\/samso.eco\/ca\/qui-som\/","og_site_name":"Samso","article_modified_time":"2026-03-16T10:42:26+00:00","og_image":[{"width":1024,"height":1016,"url":"https:\/\/samso.eco\/wp-content\/uploads\/2025\/04\/Imatge9-09-1024x1016.png","type":"image\/png"}],"twitter_card":"summary_large_image","twitter_misc":{"Temps estimat de lectura":"11 minuts"},"schema":{"@context":"https:\/\/schema.org","@graph":[{"@type":"WebPage","@id":"https:\/\/samso.eco\/ca\/qui-som\/","url":"https:\/\/samso.eco\/ca\/qui-som\/","name":"EQUIP - Samso","isPartOf":{"@id":"https:\/\/samso.eco\/ca\/#website"},"primaryImageOfPage":{"@id":"https:\/\/samso.eco\/ca\/qui-som\/#primaryimage"},"image":{"@id":"https:\/\/samso.eco\/ca\/qui-som\/#primaryimage"},"thumbnailUrl":"https:\/\/samso.eco\/wp-content\/uploads\/2025\/04\/Imatge9-09-1024x1016.png","datePublished":"2024-03-04T16:47:09+00:00","dateModified":"2026-03-16T10:42:26+00:00","breadcrumb":{"@id":"https:\/\/samso.eco\/ca\/qui-som\/#breadcrumb"},"inLanguage":"ca","potentialAction":[{"@type":"ReadAction","target":["https:\/\/samso.eco\/ca\/qui-som\/"]}]},{"@type":"ImageObject","inLanguage":"ca","@id":"https:\/\/samso.eco\/ca\/qui-som\/#primaryimage","url":"https:\/\/samso.eco\/wp-content\/uploads\/2025\/04\/Imatge9-09-1024x1016.png","contentUrl":"https:\/\/samso.eco\/wp-content\/uploads\/2025\/04\/Imatge9-09-1024x1016.png"},{"@type":"BreadcrumbList","@id":"https:\/\/samso.eco\/ca\/qui-som\/#breadcrumb","itemListElement":[{"@type":"ListItem","position":1,"name":"Portada","item":"https:\/\/samso.eco\/ca\/home-2\/"},{"@type":"ListItem","position":2,"name":"EQUIP"}]},{"@type":"WebSite","@id":"https:\/\/samso.eco\/ca\/#website","url":"https:\/\/samso.eco\/ca\/","name":"Samso","description":"Construir contigo un futuro sostenible","publisher":{"@id":"https:\/\/samso.eco\/ca\/#organization"},"potentialAction":[{"@type":"SearchAction","target":{"@type":"EntryPoint","urlTemplate":"https:\/\/samso.eco\/ca\/?s={search_term_string}"},"query-input":{"@type":"PropertyValueSpecification","valueRequired":true,"valueName":"search_term_string"}}],"inLanguage":"ca"},{"@type":"Organization","@id":"https:\/\/samso.eco\/ca\/#organization","name":"Samso","url":"https:\/\/samso.eco\/ca\/","logo":{"@type":"ImageObject","inLanguage":"ca","@id":"https:\/\/samso.eco\/ca\/#\/schema\/logo\/image\/","url":"https:\/\/samso.eco\/wp-content\/uploads\/2024\/03\/logo-samso-blanco.png","contentUrl":"https:\/\/samso.eco\/wp-content\/uploads\/2024\/03\/logo-samso-blanco.png","width":800,"height":234,"caption":"Samso"},"image":{"@id":"https:\/\/samso.eco\/ca\/#\/schema\/logo\/image\/"}}]}},"_links":{"self":[{"href":"https:\/\/samso.eco\/ca\/wp-json\/wp\/v2\/pages\/724","targetHints":{"allow":["GET"]}}],"collection":[{"href":"https:\/\/samso.eco\/ca\/wp-json\/wp\/v2\/pages"}],"about":[{"href":"https:\/\/samso.eco\/ca\/wp-json\/wp\/v2\/types\/page"}],"author":[{"embeddable":true,"href":"https:\/\/samso.eco\/ca\/wp-json\/wp\/v2\/users\/1"}],"replies":[{"embeddable":true,"href":"https:\/\/samso.eco\/ca\/wp-json\/wp\/v2\/comments?post=724"}],"version-history":[{"count":53,"href":"https:\/\/samso.eco\/ca\/wp-json\/wp\/v2\/pages\/724\/revisions"}],"predecessor-version":[{"id":3790,"href":"https:\/\/samso.eco\/ca\/wp-json\/wp\/v2\/pages\/724\/revisions\/3790"}],"wp:attachment":[{"href":"https:\/\/samso.eco\/ca\/wp-json\/wp\/v2\/media?parent=724"}],"curies":[{"name":"wp","href":"https:\/\/api.w.org\/{rel}","templated":true}]}}